{"id":26054388,"date":"2026-03-31T15:42:33","date_gmt":"2026-03-31T13:42:33","guid":{"rendered":"https:\/\/www.coupe-icare.org\/faq-2\/"},"modified":"2026-04-01T20:07:05","modified_gmt":"2026-04-01T18:07:05","slug":"faq-2","status":"publish","type":"page","link":"https:\/\/www.coupe-icare.org\/en\/faq-2\/","title":{"rendered":"FAQ"},"content":{"rendered":"<div class=\"et_pb_section_0 et_pb_section et_section_regular et_block_section preset--group--divi-section--divi-spacing--default\">\n<div class=\"et_pb_row_0 et_pb_row et_flex_row preset--group--divi-row--divi-spacing--default\">\n<div class=\"et_pb_column_0 et_pb_column et_block_column et_pb_css_mix_blend_mode_passthrough et_flex_column_18_24 et_flex_column_18_24_tablet et_flex_column_24_24_phone preset--group--divi-column--divi-spacing--default\">\n<div class=\"et_pb_heading_0 et_pb_heading et_pb_module et_flex_module preset--group--divi-heading--divi-spacing--5nlsrhv0au preset--group--divi-heading--divi-font--rozmhawtox\"><div class=\"et_pb_heading_container\"><h1 class=\"et_pb_module_header\">FAQ<\/h1><\/div><\/div>\n\n<div class=\"et_pb_text_0 et_pb_text et_pb_bg_layout_light et_pb_module et_flex_module preset--group--divi-text--divi-spacing--5nlsrhv0au preset--group--divi-text--divi-font-header--p8e44yhu75 preset--group--divi-text--divi-font-body--02ppu8bcrv\"><div class=\"et_pb_text_inner\"><p>Do you have a specific question? Can\u2019t find the answer on this website? <br \/>You\u2019ll probably find it here: <strong>the Coupe Icare FAQs<\/strong><\/p>\n<\/div><\/div>\n\n<div class=\"dipi_faq_0 dipi_faq et_pb_bg_layout_light et_pb_module\"><div class=\"dipi-faq-wrapper dipi-faq-accordion loading dipi-faq-accordion-not-closable\" style=\"display: none;\" data-config=\"{&quot;layout&quot;:&quot;accordion&quot;}\">\n\t\t\t\t<script type=\"application\/ld+json\">{\"@context\":\"https:\\\/\\\/schema.org\",\"@type\":\"FAQPage\",\"@id\":\"https:\\\/\\\/www.coupe-icare.org\\\/en\\\/faq-2\\\/\",\"mainEntity\":[{\"@type\":\"Question\",\"name\":\"Shops open on the Plateau des Petites Roches\",\"acceptedAnswer\":{\"@type\":\"Answer\",\"text\":\"<h3>Which shops are open during the Coupe Icare on the Plateau des Petites Roches?<\\\/h3>\\n<p><strong>Epicerie Le Magasin G\\u00e9n\\u00e9ral (St Bernard, Les Pelloux) <\\\/strong>- Saturday 13 September: 9.30am\\u201312.30pm \\\/ 3pm\\u20137pm \\u2013 Monday 15: 3pm\\u20137pm \\u2013 Tuesday 16 to Friday 19: 9.30am\\u201312.30pm \\\/ 3pm\\u20137pm \\u2013 Saturday 20: 9.30am\\u201312.30pm. Closed on Saturday afternoon - Closed on Sunday.<\\\/p>\\n<p><strong>Boulangerie Maison Millet (St Hilaire, Les Margains) <\\\/strong>- Weekend of 13\\u201314 September: Saturday 6.30am\\u20131pm \\\/ 3.30pm\\u20137.30pm; Sunday 6.30am\\u201312.30pm - Monday 15, Tuesday 16, Wednesday 17, Friday 19 and Saturday 20: 6.30am\\u20131pm \\\/ 3.30pm\\u20137.30pm - Sunday 21: 6.30am\\u201312.30pm - Closed on Thursday 18<\\\/p>\\n<p><strong>Tabac-Presse Le Disque Bleu (St Hilaire, Les Margains) <\\\/strong>- Monday, Tuesday, Thursday and Friday from 7.30 am to 12 noon and from 3 pm to 7 pm. - Saturday from 8.30 am to 12.30 pm and from 3 pm to 7 pm. - Sunday from 8.30 am to 12.30 pm. - Closed on Wednesdays. <a href=\\\"https:\\\/\\\/www.doctolib.fr\\\/pharmacie\\\/plateau-des-petites-roches\\\/nathan-grundig?pid=practice-296991&amp;phs=true&amp;page=1\\\" target=\\\"_blank\\\" rel=\\\"noopener\\\"><strong>Pharmacie (St Hilaire)<\\\/strong><\\\/a> - Monday to Friday: 9.30am \\u2013 12.30pm, 3.00pm \\u2013 7.30pm \\u2013 Saturday: 9.30am \\u2013 12.30pm, 3.00pm \\u2013 7.00pm<\\\/p>\\n<p><strong>Boutique des cr\\u00e9ateurs (gare haute du funiculaire, St Hilaire) <\\\/strong>- Saturday 13 September to Sunday 21 September: 2pm\\u20136pm<\\\/p>\\n<p><strong>Brasserie de la Dent de Crolles <\\\/strong>- Saturday 13 September: until 9pm \\u2013 Sunday 14: 3pm\\u20138pm \\u2013 Wednesday 17, Thursday 18: 2pm\\u201310pm \\u2013 Friday 19, Saturday 20: 9am\\u201310pm \\u2013 Sunday 21: 9am\\u20136pm<\\\/p>\\n<h3>Opening hours of the restaurants on the Plateau des Petites Roches<\\\/h3>\\n<p><a href=\\\"https:\\\/\\\/www.coupe-icare.org\\\/hebergement-et-restauration\\\/restos-partner\\\" target=\\\"_blank\\\" rel=\\\"noopener\\\"><strong>Restaurant du Funiculaire (gare haute du funiculaire, St Hilaire)<\\\/strong><\\\/a> - Tuesday, Thursday, Friday, Saturday and Sunday from 12 noon to 2 pm \\u2013 Friday and Saturday by reservation from 6.30 pm to 8.30 pm \\u2013 Closed on Monday 15<\\\/p>\\n<p><a href=\\\"https:\\\/\\\/www.coupe-icare.org\\\/hebergement-et-restauration\\\/restos-partner\\\"><strong>Snack D\\u00e9co Ouest (ex-Baribal, face \\u00e0 La Poste, St Hilaire)<\\\/strong><\\\/a> - Weekend of 13\\u201314 September: 8am to 8pm \\u2013 Tuesday 16 to Sunday 21 September: 8am to 11pm (closes earlier on Sunday) \\u2013 Closed on Monday 15<\\\/p>\\n<p><a href=\\\"https:\\\/\\\/www.coupe-icare.org\\\/hebergement-et-restauration\\\/restos-partner\\\"><strong>Restaurant Route 61 (pr\\u00e8s de la pharmacie, St Hilaire)<\\\/strong><\\\/a> - Weekend of 13\\u201314 September: Saturday and Sunday, 6pm\\u201311pm \\u2013 Monday 15 to Sunday 21 September: 8.30am\\u201311pm (breakfast available)<\\\/p>\\n<p><a href=\\\"https:\\\/\\\/www.coupe-icare.org\\\/hebergement-et-restauration\\\/restos-partner\\\"><strong>Restaurant La Grange aux Loups (Station de Ski de St Hilaire)<\\\/strong><\\\/a> - Weekend of 13\\u201314 September: 10am\\u20139pm \\u2013 Wednesday 17 to Sunday 21: 10am\\u201310pm (Closes earlier on Sunday) \\u2013 Closed on Monday 15 and Tuesday 16<\\\/p>\\n<p><strong>Le Kiosque \\\"sucr\\u00e9 sal\\u00e9\\\" (pr\\u00e8s du d\\u00e9collage nord, St Hilaire) :<\\\/strong>Opening hours subject to weather conditions \\u2013 Weekend of 13\\u201314 September: 10.00\\u201318.30 \\u2013 Wednesday 17 and Friday 19: 14.00\\u201318.30 \\u2013 Weekend of 20\\u201321: 10.30\\u201318.30 \\u2013 Closed on Monday 15, Tuesday 16 and Thursday 18<\\\/p>\\n<p><a href=\\\"https:\\\/\\\/www.coupe-icare.org\\\/hebergement-et-restauration\\\/restos-partner\\\"><strong>Pizzeria Sous la Dent (St Pancrasse)<\\\/strong><\\\/a> - Weekend of 13\\u201314 September: open for lunch and dinner \\u2013 from Wednesday 17 to Sunday 21: from 5pm \\u2013 Closed on Monday 15 and Tuesday 16<\\\/p>\\n<p><strong>Restaurant La Renardi\\u00e8re (Col de Marcieu, St Bernard) : <\\\/strong>No evening opening - Weekend of 13\\u201314 September: 10am\\u20136pm - Monday 15, Thursday 18 and Friday 19: 10am\\u20135pm - Closed on the weekend of 20\\u201321<\\\/p>\\n<div dir=\\\"auto\\\"><strong>Snack L'Estive d'En Haut (Col du Coq, St Pancrasse)<\\\/strong><\\\/div>\\n<div dir=\\\"auto\\\">Every day from 12 noon to 5 pm, until Sunday 21st.<\\\/div>\\n\"}},{\"@type\":\"Question\",\"name\":\"Picnic\",\"acceptedAnswer\":{\"@type\":\"Answer\",\"text\":\"<h4>Are picnics permitted on Coupe Icare sites?<\\\/h4>\\n<p><strong>Picnics are permitted on the both Coupe Icare sites<\\\/strong> (Saint Hilaire and Lumbin).<\\\/p>\\n\"}},{\"@type\":\"Question\",\"name\":\"People with reduced mobility\",\"acceptedAnswer\":{\"@type\":\"Answer\",\"text\":\"<h4>Is there easy parking for people with reduced mobility?<\\\/h4>\\n<p>People with reduced mobility will find nearby car parks reserved for them at each site.<\\\/p>\\n<ul>\\n<li>In St Hilaire:\\n<ul>\\n<li>Pr\\u00e9 Lacour (near the north take-off point, Icarnaval) \\u2013 from Tuesday<\\\/li>\\n<li>Les Gaudes primary school (near the cafeteria and the Icare Expo lounge) \\u2013 Saturday and Sunday only<\\\/li>\\n<\\\/ul>\\n<\\\/li>\\n<li>In Lumbin (near the landing area) Saturday and Sunday only:\\n<ul>\\n<li>GPUB company car park (Longs Pr\\u00e8s Street)<\\\/li>\\n<li>ESAT car park (Marais Street)<\\\/li>\\n<\\\/ul>\\n<\\\/li>\\n<\\\/ul>\\n<p><a href=\\\"https:\\\/\\\/bit.ly\\\/downloadcoupeicare\\\" target=\\\"_blank\\\" rel=\\\"noopener\\\">Download the maps<\\\/a><\\\/p>\\n<h4>Which bus should I take if I am in a wheelchair?<\\\/h4>\\n<ul>\\n<li>Lines C11 and 80 from Grenoble are accessible to wheelchairs and to people with reduced mobility.<\\\/li>\\n<li>The free orange shuttle buses between the Gr\\u00e9sivaudan Valley park-and-ride car parks and the Lumbin landing site are also accessible.<\\\/li>\\n<li>Please note: the shuttle buses providing transport to the St Hilaire take-off points are not equipped to accommodate wheelchair users.<\\\/li>\\n<\\\/ul>\\n<h4>Recommendation from the organisers<\\\/h4>\\n<p>The Coupe Icare takes place on varied natural terrain: coming with someone to accompany you is a real advantage if you are in a wheelchair.<\\\/p>\\n\"}},{\"@type\":\"Question\",\"name\":\"Motorhome, van\",\"acceptedAnswer\":{\"@type\":\"Answer\",\"text\":\"<h4>Where to park your motorhome or van?<\\\/h4>\\n<p><strong>We recommend that you arrive early in the week to find a parking space.<\\\/strong><br \\\/>\\n<strong>There are no reservations at the Coupe Icare car parks.<\\\/strong><br \\\/>\\nContact the campsites for their conditions.<\\\/p>\\n<p>&#8211; in St Hilaire :<\\\/p>\\n<ul>\\n<li><a href=\\\"https:\\\/\\\/camping-petites-roches.com\\\/\\\" target=\\\"_blank\\\" rel=\\\"noopener\\\">Plateau des Petites Roches campsite<\\\/a> (close to the <a href=\\\"https:\\\/\\\/data.mobilites-m.fr\\\/uploads\\\/072025_FH_Coupe_Icare_2025_V2_e969fe4543.pdf\\\" target=\\\"_blank\\\" rel=\\\"noopener\\\">free purple shuttle bus<\\\/a> that runs from Thursday to Sunday)<\\\/li>\\n<li>Small dedicated motorhome parks (ski resort, hang-gliding jump)<\\\/li>\\n<li><a href=\\\"https:\\\/\\\/www.coupe-icare.org\\\/en\\\/access\\\/\\\">Les Dioux long-stay car &amp; van park<\\\/a> (open until 7pm on Friday) &#8211; Please note that this car park is located in fields and the ground may become wet.<\\\/li>\\n<\\\/ul>\\n<p>&#8211; in Lumbin :<\\\/p>\\n<ul>\\n<li><a href=\\\"https:\\\/\\\/www.le-gresivaudan.fr\\\/416-camping-intercommunal-du-lac-de-la-terrasse.htm\\\" target=\\\"_blank\\\" rel=\\\"noopener\\\">Camping du Lac de La Terrasse<\\\/a> (+ <a href=\\\"https:\\\/\\\/data.mobilites-m.fr\\\/uploads\\\/FH_COUPE_ICARE_2025_A4_0258fc4743.pdf\\\" target=\\\"_blank\\\" rel=\\\"noopener\\\">free orange shuttle bus<\\\/a> operating on Saturdays and Sundays)<\\\/li>\\n<li>Dedicated motorhome park at Monfort (close to the landing area)<\\\/li>\\n<\\\/ul>\\n<p><a href=\\\"https:\\\/\\\/drive.google.com\\\/drive\\\/folders\\\/1IHsDmmM5fW8r9I7QTE8F0c7AtFryN4mB?usp=sharing\\\" target=\\\"_blank\\\" rel=\\\"noopener\\\">Download the maps<\\\/a><\\\/p>\\n\"}},{\"@type\":\"Question\",\"name\":\"Motorbikes\",\"acceptedAnswer\":{\"@type\":\"Answer\",\"text\":\"<h4>Where to park your motorbike?<\\\/h4>\\n<p><strong>Coming by motorbike? A dedicated parking area awaits you at each site:<\\\/strong><\\\/p>\\n<ul>\\n<li>In St Hilaire:\\n<ul>\\n<li>At the roundabout by the garage (Chamb\\u00e9ry side) with helmet storage 2\\u20ac \\u2013 from Tuesday onwards.<\\\/li>\\n<li>At the St Hilaire nursery (Les Margains) \\u2013 Saturdays and Sundays only.<\\\/li>\\n<\\\/ul>\\n<\\\/li>\\n<li>In Lumbin (near the landing area): Chemin de Pr\\u00e9 Guillerme, access via Rue du Marais \\u2013 Saturdays and Sundays.<\\\/li>\\n<\\\/ul>\\n<p><strong>Please note! Parking on pavements or green spaces is prohibited and may result in a fine.<\\\/strong> <a href=\\\"https:\\\/\\\/drive.google.com\\\/drive\\\/folders\\\/1IHsDmmM5fW8r9I7QTE8F0c7AtFryN4mB\\\" target=\\\"_blank\\\" rel=\\\"noopener\\\">Download the maps<\\\/a><\\\/p>\\n\"}},{\"@type\":\"Question\",\"name\":\"Flying during the Coupe Icare\",\"acceptedAnswer\":{\"@type\":\"Answer\",\"text\":\"<h4>Is it possible to fly as an independent pilot during the Coupe Icare?<\\\/h4>\\n<ul>\\n<li><strong>Yes, you can fly paragliders, hang gliders and paramotors, at your own risk, <a href=\\\"https:\\\/\\\/www.coupe-icare.org\\\/en\\\/pilots-infos\\\/\\\">provided you comply with the Coupe Icare flight rules<\\\/a><\\\/strong>: take-off <a href=\\\"https:\\\/\\\/www.coupe-icare.org\\\/en\\\/pilots-infos\\\/#ouvertures\\\">opening\\\/closing times<\\\/a>, compulsory pre-registration for certain slots (until 13\\\/09\\\/2025 at 11:59 p.m.).<\\\/li>\\n<\\\/ul>\\n<p><strong>Please note: there will be many people in the air, so be careful and do not fly above your usual level.<\\\/strong><\\\/p>\\n<ul>\\n<li><strong>If you are a beginner pilot, this is not the time to fly.<\\\/strong> No supervision is provided by the event organisers.<br \\\/>\\nInstead, take advantage of the event to talk to other pilots and familiarise yourself with the world of free flight.<\\\/li>\\n<\\\/ul>\\n<h4>About take-off from Dent de Crolles<\\\/h4>\\n<p><strong>Dent de Crolles is included in the airspace of the 52nd Coupe Icare. Take-off will be regulated from Thursday to Sunday.<\\\/strong><\\\/p>\\n<p><strong>Take-off closure:<\\\/strong><\\\/p>\\n<ul>\\n<li>Thursday from 3.30pm to 6.30pm<\\\/li>\\n<li>Friday from 1pm to 6.30pm<\\\/li>\\n<li>Saturday and Sunday from sunrise until 6pm. Only pilots registered for the Walk &amp; Fly event will be authorised to take off from the summit.<\\\/li>\\n<\\\/ul>\\n<p><strong>Compliance with these closure times is essential to the smooth running of the Coupe Icare. Any violation jeopardises the event and its relationship with the aviation authorities.<\\\/strong> A \\u2018guard\\u2019 will be present at the Dent de Crolles to remind pilots of these times.<\\\/p>\\n\"}},{\"@type\":\"Question\",\"name\":\"Flying carnival\",\"acceptedAnswer\":{\"@type\":\"Answer\",\"text\":\"<h3>What is the name of the flying carnival of the Coupe Icare?<\\\/h3>\\n<p>Icarnaval!<\\\/p>\\n<h3>Do I need a ticket to attend Icarnaval on Saturday or Sunday?<\\\/h3>\\n<ul>\\n<li>YES for take-offs at St Hilaire, for ages 12 and up: ticket office<\\\/li>\\n<li>and NO for landings at Lumbin: it&#8217;s free for everyone!<\\\/li>\\n<\\\/ul>\\n<h3>What time does Icarnaval start?<\\\/h3>\\n<ul>\\n<li>From 11 a.m. at the northern take-off point in St Hilaire and at the landing site in Lumbin.<\\\/li>\\n<li>Costumed flights end at 4 p.m. at the latest to make way for aerial demonstrations.<\\\/li>\\n<\\\/ul>\\n<p><strong>This programme is subject to change, particularly depending on weather and flying conditions.<\\\/strong><\\\/p>\\n\"}},{\"@type\":\"Question\",\"name\":\"First flight\",\"acceptedAnswer\":{\"@type\":\"Answer\",\"text\":\"<h4>Is it possible to schedule a first flight during the Coupe Icare?<\\\/h4>\\n<p><strong>This is not possible at weekends:<\\\/strong><\\\/p>\\n<ul>\\n<li>all the site&#8217;s professionals are involved in ensuring the safety of the take-off and landing areas.<\\\/li>\\n<li>the sky is reserved for aerial demonstrations declared to the authorities as part of the event.<\\\/li>\\n<\\\/ul>\\n<p><strong>During the week:<\\\/strong> contact <a href=\\\"https:\\\/\\\/plateaudespetitesroches.com\\\/parapente\\\/\\\" target=\\\"_blank\\\" rel=\\\"noopener\\\">the paragliding schools on site<\\\/a> to find out about their availability.<\\\/p>\\n<h4>First hot air balloon flight<\\\/h4>\\n<p>No flights for the general public.<br \\\/>\\n<strong>To book a flight outside of the Coupe Icare, please contact vl.ballons[at]gmail.com<\\\/strong><\\\/p>\\n\"}},{\"@type\":\"Question\",\"name\":\"Electric vehicle charging station\",\"acceptedAnswer\":{\"@type\":\"Answer\",\"text\":\"<h3>The electric vehicle charging station in St Hilaire is UNAVAILABLE during the Coupe Icare<\\\/h3>\\n<p>The electric vehicle charging station, located at 10 route des 3 Villages (place des Fontenettes) in St Hilaire, will be unavailable for the duration of the Coupe Icare, until the marquees have been dismantled (scheduled for around 8\\u20139 October).<\\\/p>\\n\"}},{\"@type\":\"Question\",\"name\":\"Drone theft\",\"acceptedAnswer\":{\"@type\":\"Answer\",\"text\":\"<h4>Flying drones is prohibited during the Coupe Icare.<\\\/h4>\\n<p>The aviation authorities present on site may issue fines to offenders.<\\\/p>\\n\"}},{\"@type\":\"Question\",\"name\":\"Dogs\",\"acceptedAnswer\":{\"@type\":\"Answer\",\"text\":\"<h4>Are dogs permitted on Coupe Icare sites?<\\\/h4>\\n<ul>\\n<li><strong>Yes, dogs on leashes are allowed at both Coupe Icare sites<\\\/strong> (Saint Hilaire and Lumbin).<\\\/li>\\n<li><strong>Dogs are accepted on buses under the following conditions:<\\\/strong>\\n<ul>\\n<li>small dogs must be carried by the person transporting them,<\\\/li>\\n<li>large dogs are tolerated; they must be muzzled and kept on a leash,<\\\/li>\\n<li>dogs belonging to blind, visually impaired or disabled people accompanying their owners are also allowed to travel with them.<\\\/li>\\n<\\\/ul>\\n<\\\/li>\\n<\\\/ul>\\n\"}},{\"@type\":\"Question\",\"name\":\"Children's pushchairs & public transport\",\"acceptedAnswer\":{\"@type\":\"Answer\",\"text\":\"<h4>Are pushchairs allowed on Coupe Icare shuttles?<\\\/h4>\\n<p><strong>Yes.<\\\/strong><\\\/p>\\n<ul>\\n<li>Lines 80 and C11 from Grenoble, and orange shuttle bus to the valley&#8217;s park-and-ride facilities: low-floor buses, pushchairs can be taken on board.<\\\/li>\\n<li>Green, pink and purple shuttle buses (to the St Hilaire site): pushchairs must be folded and stored in the luggage compartment.<\\\/li>\\n<\\\/ul>\\n\"}},{\"@type\":\"Question\",\"name\":\"Camping in a tent\",\"acceptedAnswer\":{\"@type\":\"Answer\",\"text\":\"<h4>Is it possible to camp in a tent at the Coupe Icare?<\\\/h4>\\n<p><strong>&#8211; In St Hilaire:<\\\/strong><\\\/p>\\n<ul>\\n<li><a href=\\\"https:\\\/\\\/camping-petites-roches.com\\\/en\\\/\\\" target=\\\"_blank\\\" rel=\\\"noopener\\\">Camping du Plateau des Petites Roches<\\\/a> (close to the Margains shuttle bus, free, until 1.30pm on Saturday and 5pm on Sunday)<\\\/li>\\n<li><a href=\\\"https:\\\/\\\/www.coupe-icare.org\\\/en\\\/access\\\/\\\">Les Dioux long-stay car park<\\\/a> (accessible until 7pm on Friday) &#8211; Please note that this car park is located in fields, which may become wet.<\\\/li>\\n<li><strong>Public showers<\\\/strong> (\\u20ac2) near the roundabout by the garage (St Hilaire) &#8211; Thursday to Sunday, 7am-11am and 5pm-8pm \\\/ Monday 7am-10am<\\\/li>\\n<\\\/ul>\\n<p>&#8211; in Lumbin :<\\\/p>\\n<ul>\\n<li><a href=\\\"https:\\\/\\\/www.le-gresivaudan.fr\\\/416-camping-intercommunal-du-lac-de-la-terrasse.htm\\\" target=\\\"_blank\\\" rel=\\\"noopener\\\">Camping du Lac de La Terrasse<\\\/a> (+ <a href=\\\"https:\\\/\\\/data.mobilites-m.fr\\\/uploads\\\/FH_COUPE_ICARE_2025_A4_0258fc4743.pdf\\\" target=\\\"_blank\\\" rel=\\\"noopener\\\">free orange shuttle bus<\\\/a> operating on Saturdays and Sundays)<\\\/li>\\n<\\\/ul>\\n\"}},{\"@type\":\"Question\",\"name\":\"Bikes\",\"acceptedAnswer\":{\"@type\":\"Answer\",\"text\":\"<h4>Are bicycles allowed on the Coupe Icare shuttles?<\\\/h4>\\n<ul>\\n<li>Folding bicycles in the luggage compartment of purple, pink and green shuttle buses<\\\/li>\\n<li>Bicycle racks behind buses on line C11 (Voiron &#8211; Grenoble &#8211; Lumbin)<\\\/li>\\n<\\\/ul>\\n<h4>Is there parking for bicycles?<\\\/h4>\\n<p><strong>Yes. <\\\/strong>Don&#8217;t forget to take a lock.<\\\/p>\\n<p>&#8211; In St Hilaire: in front of the ATC bicycle shop &#8211; 100 spaces<br \\\/>\\n&#8211; In Lumbin: landing site &#8211; 600 spaces<\\\/p>\\n<ul>\\n<li>cycle parking<\\\/li>\\n<li>guarded electric-assist bicycle parking<\\\/li>\\n<\\\/ul>\\n\"}}]}<\/script><div class=\"dipi-faq-entry\" data-entry-number=\"0\">\n                        <div class=\"dipi-faq-title\"><i class=\"dipi-faq-icon-open\">O<\/i><i class=\"dipi-faq-icon-closed\">P<\/i><span>Shops open on the Plateau des Petites Roches<\/span><\/div>\n                        <div class=\"dipi-faq-content\"><h3>Which shops are open during the Coupe Icare on the Plateau des Petites Roches?<\/h3>\n<p><strong>Epicerie Le Magasin G\u00e9n\u00e9ral (St Bernard, Les Pelloux) <\/strong>&#8211; Saturday 13 September: 9.30am\u201312.30pm \/ 3pm\u20137pm \u2013 Monday 15: 3pm\u20137pm \u2013 Tuesday 16 to Friday 19: 9.30am\u201312.30pm \/ 3pm\u20137pm \u2013 Saturday 20: 9.30am\u201312.30pm. Closed on Saturday afternoon &#8211; Closed on Sunday.<\/p>\n<p><strong>Boulangerie Maison Millet (St Hilaire, Les Margains) <\/strong>&#8211; Weekend of 13\u201314 September: Saturday 6.30am\u20131pm \/ 3.30pm\u20137.30pm; Sunday 6.30am\u201312.30pm &#8211; Monday 15, Tuesday 16, Wednesday 17, Friday 19 and Saturday 20: 6.30am\u20131pm \/ 3.30pm\u20137.30pm &#8211; Sunday 21: 6.30am\u201312.30pm &#8211; Closed on Thursday 18<\/p>\n<p><strong>Tabac-Presse Le Disque Bleu (St Hilaire, Les Margains) <\/strong>&#8211; Monday, Tuesday, Thursday and Friday from 7.30 am to 12 noon and from 3 pm to 7 pm. &#8211; Saturday from 8.30 am to 12.30 pm and from 3 pm to 7 pm. &#8211; Sunday from 8.30 am to 12.30 pm. &#8211; Closed on Wednesdays. <a href=\"https:\/\/www.doctolib.fr\/pharmacie\/plateau-des-petites-roches\/nathan-grundig?pid=practice-296991&amp;phs=true&amp;page=1\" target=\"_blank\" rel=\"noopener\"><strong>Pharmacie (St Hilaire)<\/strong><\/a> &#8211; Monday to Friday: 9.30am \u2013 12.30pm, 3.00pm \u2013 7.30pm \u2013 Saturday: 9.30am \u2013 12.30pm, 3.00pm \u2013 7.00pm<\/p>\n<p><strong>Boutique des cr\u00e9ateurs (gare haute du funiculaire, St Hilaire) <\/strong>&#8211; Saturday 13 September to Sunday 21 September: 2pm\u20136pm<\/p>\n<p><strong>Brasserie de la Dent de Crolles <\/strong>&#8211; Saturday 13 September: until 9pm \u2013 Sunday 14: 3pm\u20138pm \u2013 Wednesday 17, Thursday 18: 2pm\u201310pm \u2013 Friday 19, Saturday 20: 9am\u201310pm \u2013 Sunday 21: 9am\u20136pm<\/p>\n<h3>Opening hours of the restaurants on the Plateau des Petites Roches<\/h3>\n<p><a href=\"https:\/\/www.coupe-icare.org\/hebergement-et-restauration\/restos-partner\" target=\"_blank\" rel=\"noopener\"><strong>Restaurant du Funiculaire (gare haute du funiculaire, St Hilaire)<\/strong><\/a> &#8211; Tuesday, Thursday, Friday, Saturday and Sunday from 12 noon to 2 pm \u2013 Friday and Saturday by reservation from 6.30 pm to 8.30 pm \u2013 Closed on Monday 15<\/p>\n<p><a href=\"https:\/\/www.coupe-icare.org\/hebergement-et-restauration\/restos-partner\"><strong>Snack D\u00e9co Ouest (ex-Baribal, face \u00e0 La Poste, St Hilaire)<\/strong><\/a> &#8211; Weekend of 13\u201314 September: 8am to 8pm \u2013 Tuesday 16 to Sunday 21 September: 8am to 11pm (closes earlier on Sunday) \u2013 Closed on Monday 15<\/p>\n<p><a href=\"https:\/\/www.coupe-icare.org\/hebergement-et-restauration\/restos-partner\"><strong>Restaurant Route 61 (pr\u00e8s de la pharmacie, St Hilaire)<\/strong><\/a> &#8211; Weekend of 13\u201314 September: Saturday and Sunday, 6pm\u201311pm \u2013 Monday 15 to Sunday 21 September: 8.30am\u201311pm (breakfast available)<\/p>\n<p><a href=\"https:\/\/www.coupe-icare.org\/hebergement-et-restauration\/restos-partner\"><strong>Restaurant La Grange aux Loups (Station de Ski de St Hilaire)<\/strong><\/a> &#8211; Weekend of 13\u201314 September: 10am\u20139pm \u2013 Wednesday 17 to Sunday 21: 10am\u201310pm (Closes earlier on Sunday) \u2013 Closed on Monday 15 and Tuesday 16<\/p>\n<p><strong>Le Kiosque &#8220;sucr\u00e9 sal\u00e9&#8221; (pr\u00e8s du d\u00e9collage nord, St Hilaire) :<\/strong>Opening hours subject to weather conditions \u2013 Weekend of 13\u201314 September: 10.00\u201318.30 \u2013 Wednesday 17 and Friday 19: 14.00\u201318.30 \u2013 Weekend of 20\u201321: 10.30\u201318.30 \u2013 Closed on Monday 15, Tuesday 16 and Thursday 18<\/p>\n<p><a href=\"https:\/\/www.coupe-icare.org\/hebergement-et-restauration\/restos-partner\"><strong>Pizzeria Sous la Dent (St Pancrasse)<\/strong><\/a> &#8211; Weekend of 13\u201314 September: open for lunch and dinner \u2013 from Wednesday 17 to Sunday 21: from 5pm \u2013 Closed on Monday 15 and Tuesday 16<\/p>\n<p><strong>Restaurant La Renardi\u00e8re (Col de Marcieu, St Bernard) : <\/strong>No evening opening &#8211; Weekend of 13\u201314 September: 10am\u20136pm &#8211; Monday 15, Thursday 18 and Friday 19: 10am\u20135pm &#8211; Closed on the weekend of 20\u201321<\/p>\n<div dir=\"auto\"><strong>Snack L&#8217;Estive d&#8217;En Haut (Col du Coq, St Pancrasse)<\/strong><\/div>\n<div dir=\"auto\">Every day from 12 noon to 5 pm, until Sunday 21st.<\/div>\n<\/div>\n                    <\/div><div class=\"dipi-faq-entry\" data-entry-number=\"1\">\n                        <div class=\"dipi-faq-title\"><i class=\"dipi-faq-icon-open\">O<\/i><i class=\"dipi-faq-icon-closed\">P<\/i><span>Picnic<\/span><\/div>\n                        <div class=\"dipi-faq-content\"><h4>Are picnics permitted on Coupe Icare sites?<\/h4>\n<p><strong>Picnics are permitted on the both Coupe Icare sites<\/strong> (Saint Hilaire and Lumbin).<\/p>\n<\/div>\n                    <\/div><div class=\"dipi-faq-entry\" data-entry-number=\"2\">\n                        <div class=\"dipi-faq-title\"><i class=\"dipi-faq-icon-open\">O<\/i><i class=\"dipi-faq-icon-closed\">P<\/i><span>People with reduced mobility<\/span><\/div>\n                        <div class=\"dipi-faq-content\"><h4>Is there easy parking for people with reduced mobility?<\/h4>\n<p>People with reduced mobility will find nearby car parks reserved for them at each site.<\/p>\n<ul>\n<li>In St Hilaire:\n<ul>\n<li>Pr\u00e9 Lacour (near the north take-off point, Icarnaval) \u2013 from Tuesday<\/li>\n<li>Les Gaudes primary school (near the cafeteria and the Icare Expo lounge) \u2013 Saturday and Sunday only<\/li>\n<\/ul>\n<\/li>\n<li>In Lumbin (near the landing area) Saturday and Sunday only:\n<ul>\n<li>GPUB company car park (Longs Pr\u00e8s Street)<\/li>\n<li>ESAT car park (Marais Street)<\/li>\n<\/ul>\n<\/li>\n<\/ul>\n<p><a href=\"https:\/\/bit.ly\/downloadcoupeicare\" target=\"_blank\" rel=\"noopener\">Download the maps<\/a><\/p>\n<h4>Which bus should I take if I am in a wheelchair?<\/h4>\n<ul>\n<li>Lines C11 and 80 from Grenoble are accessible to wheelchairs and to people with reduced mobility.<\/li>\n<li>The free orange shuttle buses between the Gr\u00e9sivaudan Valley park-and-ride car parks and the Lumbin landing site are also accessible.<\/li>\n<li>Please note: the shuttle buses providing transport to the St Hilaire take-off points are not equipped to accommodate wheelchair users.<\/li>\n<\/ul>\n<h4>Recommendation from the organisers<\/h4>\n<p>The Coupe Icare takes place on varied natural terrain: coming with someone to accompany you is a real advantage if you are in a wheelchair.<\/p>\n<\/div>\n                    <\/div><div class=\"dipi-faq-entry\" data-entry-number=\"3\">\n                        <div class=\"dipi-faq-title\"><i class=\"dipi-faq-icon-open\">O<\/i><i class=\"dipi-faq-icon-closed\">P<\/i><span>Motorhome, van<\/span><\/div>\n                        <div class=\"dipi-faq-content\"><h4>Where to park your motorhome or van?<\/h4>\n<p><strong>We recommend that you arrive early in the week to find a parking space.<\/strong><br \/>\n<strong>There are no reservations at the Coupe Icare car parks.<\/strong><br \/>\nContact the campsites for their conditions.<\/p>\n<p>&#8211; in St Hilaire :<\/p>\n<ul>\n<li><a href=\"https:\/\/camping-petites-roches.com\/\" target=\"_blank\" rel=\"noopener\">Plateau des Petites Roches campsite<\/a> (close to the <a href=\"https:\/\/data.mobilites-m.fr\/uploads\/072025_FH_Coupe_Icare_2025_V2_e969fe4543.pdf\" target=\"_blank\" rel=\"noopener\">free purple shuttle bus<\/a> that runs from Thursday to Sunday)<\/li>\n<li>Small dedicated motorhome parks (ski resort, hang-gliding jump)<\/li>\n<li><a href=\"https:\/\/www.coupe-icare.org\/en\/access\/\">Les Dioux long-stay car &amp; van park<\/a> (open until 7pm on Friday) &#8211; Please note that this car park is located in fields and the ground may become wet.<\/li>\n<\/ul>\n<p>&#8211; in Lumbin :<\/p>\n<ul>\n<li><a href=\"https:\/\/www.le-gresivaudan.fr\/416-camping-intercommunal-du-lac-de-la-terrasse.htm\" target=\"_blank\" rel=\"noopener\">Camping du Lac de La Terrasse<\/a> (+ <a href=\"https:\/\/data.mobilites-m.fr\/uploads\/FH_COUPE_ICARE_2025_A4_0258fc4743.pdf\" target=\"_blank\" rel=\"noopener\">free orange shuttle bus<\/a> operating on Saturdays and Sundays)<\/li>\n<li>Dedicated motorhome park at Monfort (close to the landing area)<\/li>\n<\/ul>\n<p><a href=\"https:\/\/drive.google.com\/drive\/folders\/1IHsDmmM5fW8r9I7QTE8F0c7AtFryN4mB?usp=sharing\" target=\"_blank\" rel=\"noopener\">Download the maps<\/a><\/p>\n<\/div>\n                    <\/div><div class=\"dipi-faq-entry\" data-entry-number=\"4\">\n                        <div class=\"dipi-faq-title\"><i class=\"dipi-faq-icon-open\">O<\/i><i class=\"dipi-faq-icon-closed\">P<\/i><span>Motorbikes<\/span><\/div>\n                        <div class=\"dipi-faq-content\"><h4>Where to park your motorbike?<\/h4>\n<p><strong>Coming by motorbike? A dedicated parking area awaits you at each site:<\/strong><\/p>\n<ul>\n<li>In St Hilaire:\n<ul>\n<li>At the roundabout by the garage (Chamb\u00e9ry side) with helmet storage 2\u20ac \u2013 from Tuesday onwards.<\/li>\n<li>At the St Hilaire nursery (Les Margains) \u2013 Saturdays and Sundays only.<\/li>\n<\/ul>\n<\/li>\n<li>In Lumbin (near the landing area): Chemin de Pr\u00e9 Guillerme, access via Rue du Marais \u2013 Saturdays and Sundays.<\/li>\n<\/ul>\n<p><strong>Please note! Parking on pavements or green spaces is prohibited and may result in a fine.<\/strong> <a href=\"https:\/\/drive.google.com\/drive\/folders\/1IHsDmmM5fW8r9I7QTE8F0c7AtFryN4mB\" target=\"_blank\" rel=\"noopener\">Download the maps<\/a><\/p>\n<\/div>\n                    <\/div><div class=\"dipi-faq-entry\" data-entry-number=\"5\">\n                        <div class=\"dipi-faq-title\"><i class=\"dipi-faq-icon-open\">O<\/i><i class=\"dipi-faq-icon-closed\">P<\/i><span>Flying during the Coupe Icare<\/span><\/div>\n                        <div class=\"dipi-faq-content\"><h4>Is it possible to fly as an independent pilot during the Coupe Icare?<\/h4>\n<ul>\n<li><strong>Yes, you can fly paragliders, hang gliders and paramotors, at your own risk, <a href=\"https:\/\/www.coupe-icare.org\/en\/pilots-infos\/\">provided you comply with the Coupe Icare flight rules<\/a><\/strong>: take-off <a href=\"https:\/\/www.coupe-icare.org\/en\/pilots-infos\/#ouvertures\">opening\/closing times<\/a>, compulsory pre-registration for certain slots (until 13\/09\/2025 at 11:59 p.m.).<\/li>\n<\/ul>\n<p><strong>Please note: there will be many people in the air, so be careful and do not fly above your usual level.<\/strong><\/p>\n<ul>\n<li><strong>If you are a beginner pilot, this is not the time to fly.<\/strong> No supervision is provided by the event organisers.<br \/>\nInstead, take advantage of the event to talk to other pilots and familiarise yourself with the world of free flight.<\/li>\n<\/ul>\n<h4>About take-off from Dent de Crolles<\/h4>\n<p><strong>Dent de Crolles is included in the airspace of the 52nd Coupe Icare. Take-off will be regulated from Thursday to Sunday.<\/strong><\/p>\n<p><strong>Take-off closure:<\/strong><\/p>\n<ul>\n<li>Thursday from 3.30pm to 6.30pm<\/li>\n<li>Friday from 1pm to 6.30pm<\/li>\n<li>Saturday and Sunday from sunrise until 6pm. Only pilots registered for the Walk &amp; Fly event will be authorised to take off from the summit.<\/li>\n<\/ul>\n<p><strong>Compliance with these closure times is essential to the smooth running of the Coupe Icare. Any violation jeopardises the event and its relationship with the aviation authorities.<\/strong> A \u2018guard\u2019 will be present at the Dent de Crolles to remind pilots of these times.<\/p>\n<\/div>\n                    <\/div><div class=\"dipi-faq-entry\" data-entry-number=\"6\">\n                        <div class=\"dipi-faq-title\"><i class=\"dipi-faq-icon-open\">O<\/i><i class=\"dipi-faq-icon-closed\">P<\/i><span>Flying carnival<\/span><\/div>\n                        <div class=\"dipi-faq-content\"><h3>What is the name of the flying carnival of the Coupe Icare?<\/h3>\n<p>Icarnaval!<\/p>\n<h3>Do I need a ticket to attend Icarnaval on Saturday or Sunday?<\/h3>\n<ul>\n<li>YES for take-offs at St Hilaire, for ages 12 and up: ticket office<\/li>\n<li>and NO for landings at Lumbin: it&#8217;s free for everyone!<\/li>\n<\/ul>\n<h3>What time does Icarnaval start?<\/h3>\n<ul>\n<li>From 11 a.m. at the northern take-off point in St Hilaire and at the landing site in Lumbin.<\/li>\n<li>Costumed flights end at 4 p.m. at the latest to make way for aerial demonstrations.<\/li>\n<\/ul>\n<p><strong>This programme is subject to change, particularly depending on weather and flying conditions.<\/strong><\/p>\n<\/div>\n                    <\/div><div class=\"dipi-faq-entry\" data-entry-number=\"7\">\n                        <div class=\"dipi-faq-title\"><i class=\"dipi-faq-icon-open\">O<\/i><i class=\"dipi-faq-icon-closed\">P<\/i><span>First flight<\/span><\/div>\n                        <div class=\"dipi-faq-content\"><h4>Is it possible to schedule a first flight during the Coupe Icare?<\/h4>\n<p><strong>This is not possible at weekends:<\/strong><\/p>\n<ul>\n<li>all the site&#8217;s professionals are involved in ensuring the safety of the take-off and landing areas.<\/li>\n<li>the sky is reserved for aerial demonstrations declared to the authorities as part of the event.<\/li>\n<\/ul>\n<p><strong>During the week:<\/strong> contact <a href=\"https:\/\/plateaudespetitesroches.com\/parapente\/\" target=\"_blank\" rel=\"noopener\">the paragliding schools on site<\/a> to find out about their availability.<\/p>\n<h4>First hot air balloon flight<\/h4>\n<p>No flights for the general public.<br \/>\n<strong>To book a flight outside of the Coupe Icare, please contact vl.ballons[at]gmail.com<\/strong><\/p>\n<\/div>\n                    <\/div><div class=\"dipi-faq-entry\" data-entry-number=\"8\">\n                        <div class=\"dipi-faq-title\"><i class=\"dipi-faq-icon-open\">O<\/i><i class=\"dipi-faq-icon-closed\">P<\/i><span>Electric vehicle charging station<\/span><\/div>\n                        <div class=\"dipi-faq-content\"><h3>The electric vehicle charging station in St Hilaire is UNAVAILABLE during the Coupe Icare<\/h3>\n<p>The electric vehicle charging station, located at 10 route des 3 Villages (place des Fontenettes) in St Hilaire, will be unavailable for the duration of the Coupe Icare, until the marquees have been dismantled (scheduled for around 8\u20139 October).<\/p>\n<\/div>\n                    <\/div><div class=\"dipi-faq-entry\" data-entry-number=\"9\">\n                        <div class=\"dipi-faq-title\"><i class=\"dipi-faq-icon-open\">O<\/i><i class=\"dipi-faq-icon-closed\">P<\/i><span>Drone theft<\/span><\/div>\n                        <div class=\"dipi-faq-content\"><h4>Flying drones is prohibited during the Coupe Icare.<\/h4>\n<p>The aviation authorities present on site may issue fines to offenders.<\/p>\n<\/div>\n                    <\/div><div class=\"dipi-faq-entry\" data-entry-number=\"10\">\n                        <div class=\"dipi-faq-title\"><i class=\"dipi-faq-icon-open\">O<\/i><i class=\"dipi-faq-icon-closed\">P<\/i><span>Dogs<\/span><\/div>\n                        <div class=\"dipi-faq-content\"><h4>Are dogs permitted on Coupe Icare sites?<\/h4>\n<ul>\n<li><strong>Yes, dogs on leashes are allowed at both Coupe Icare sites<\/strong> (Saint Hilaire and Lumbin).<\/li>\n<li><strong>Dogs are accepted on buses under the following conditions:<\/strong>\n<ul>\n<li>small dogs must be carried by the person transporting them,<\/li>\n<li>large dogs are tolerated; they must be muzzled and kept on a leash,<\/li>\n<li>dogs belonging to blind, visually impaired or disabled people accompanying their owners are also allowed to travel with them.<\/li>\n<\/ul>\n<\/li>\n<\/ul>\n<\/div>\n                    <\/div><div class=\"dipi-faq-entry\" data-entry-number=\"11\">\n                        <div class=\"dipi-faq-title\"><i class=\"dipi-faq-icon-open\">O<\/i><i class=\"dipi-faq-icon-closed\">P<\/i><span>Children&#8217;s pushchairs &#038; public transport<\/span><\/div>\n                        <div class=\"dipi-faq-content\"><h4>Are pushchairs allowed on Coupe Icare shuttles?<\/h4>\n<p><strong>Yes.<\/strong><\/p>\n<ul>\n<li>Lines 80 and C11 from Grenoble, and orange shuttle bus to the valley&#8217;s park-and-ride facilities: low-floor buses, pushchairs can be taken on board.<\/li>\n<li>Green, pink and purple shuttle buses (to the St Hilaire site): pushchairs must be folded and stored in the luggage compartment.<\/li>\n<\/ul>\n<\/div>\n                    <\/div><div class=\"dipi-faq-entry\" data-entry-number=\"12\">\n                        <div class=\"dipi-faq-title\"><i class=\"dipi-faq-icon-open\">O<\/i><i class=\"dipi-faq-icon-closed\">P<\/i><span>Camping in a tent<\/span><\/div>\n                        <div class=\"dipi-faq-content\"><h4>Is it possible to camp in a tent at the Coupe Icare?<\/h4>\n<p><strong>&#8211; In St Hilaire:<\/strong><\/p>\n<ul>\n<li><a href=\"https:\/\/camping-petites-roches.com\/en\/\" target=\"_blank\" rel=\"noopener\">Camping du Plateau des Petites Roches<\/a> (close to the Margains shuttle bus, free, until 1.30pm on Saturday and 5pm on Sunday)<\/li>\n<li><a href=\"https:\/\/www.coupe-icare.org\/en\/access\/\">Les Dioux long-stay car park<\/a> (accessible until 7pm on Friday) &#8211; Please note that this car park is located in fields, which may become wet.<\/li>\n<li><strong>Public showers<\/strong> (\u20ac2) near the roundabout by the garage (St Hilaire) &#8211; Thursday to Sunday, 7am-11am and 5pm-8pm \/ Monday 7am-10am<\/li>\n<\/ul>\n<p>&#8211; in Lumbin :<\/p>\n<ul>\n<li><a href=\"https:\/\/www.le-gresivaudan.fr\/416-camping-intercommunal-du-lac-de-la-terrasse.htm\" target=\"_blank\" rel=\"noopener\">Camping du Lac de La Terrasse<\/a> (+ <a href=\"https:\/\/data.mobilites-m.fr\/uploads\/FH_COUPE_ICARE_2025_A4_0258fc4743.pdf\" target=\"_blank\" rel=\"noopener\">free orange shuttle bus<\/a> operating on Saturdays and Sundays)<\/li>\n<\/ul>\n<\/div>\n                    <\/div><div class=\"dipi-faq-entry\" data-entry-number=\"13\">\n                        <div class=\"dipi-faq-title\"><i class=\"dipi-faq-icon-open\">O<\/i><i class=\"dipi-faq-icon-closed\">P<\/i><span>Bikes<\/span><\/div>\n                        <div class=\"dipi-faq-content\"><h4>Are bicycles allowed on the Coupe Icare shuttles?<\/h4>\n<ul>\n<li>Folding bicycles in the luggage compartment of purple, pink and green shuttle buses<\/li>\n<li>Bicycle racks behind buses on line C11 (Voiron &#8211; Grenoble &#8211; Lumbin)<\/li>\n<\/ul>\n<h4>Is there parking for bicycles?<\/h4>\n<p><strong>Yes. <\/strong>Don&#8217;t forget to take a lock.<\/p>\n<p>&#8211; In St Hilaire: in front of the ATC bicycle shop &#8211; 100 spaces<br \/>\n&#8211; In Lumbin: landing site &#8211; 600 spaces<\/p>\n<ul>\n<li>cycle parking<\/li>\n<li>guarded electric-assist bicycle parking<\/li>\n<\/ul>\n<\/div>\n                    <\/div>\n\t\t\t<\/div><\/div>\n<\/div>\n\n<div class=\"et_pb_column_1 et_pb_column et-last-child et_flex_column et_pb_css_mix_blend_mode_passthrough et_flex_column_6_24 et_flex_column_6_24_tablet et_flex_column_24_24_phone preset--group--divi-column--divi-spacing--default\">\n<div class=\"et_pb_code_0 et_pb_code et_pb_module preset--group--divi-code--divi-spacing--default\"><div class=\"et_pb_code_inner\"><div class=\"et_pb_row_1 et_pb_row et_flex_row preset--group--divi-row--divi-spacing--default\">\n<div class=\"et_pb_column_2 et_pb_column et-last-child et_flex_column et_pb_css_mix_blend_mode_passthrough et_flex_column_24_24 et_flex_column_24_24_tablet et_flex_column_24_24_phone preset--group--divi-column--divi-spacing--default\">\n<div class=\"et_pb_image_0 et_pb_image et_pb_module et_flex_module preset--group--divi-image--divi-spacing--default\"><a href=\"https:\/\/www.coupe-icare.org\/en\/cinema-ok\/\"><span class=\"et_pb_image_wrap\"><img decoding=\"async\" src=\"https:\/\/www.coupe-icare.org\/wp-content\/uploads\/2024\/05\/bt-cinema.svg\" title=\"bt-cinema\" class=\"wp-image-94\" \/><\/span><\/a><\/div>\n<div class=\"et_pb_image_1 et_pb_image et_pb_module et_flex_module preset--group--divi-image--divi-spacing--default\"><a href=\"https:\/\/www.facebook.com\/coupeicare.org\/\" target=\"_blank\"><span class=\"et_pb_image_wrap\"><img decoding=\"async\" src=\"https:\/\/www.coupe-icare.org\/wp-content\/uploads\/2024\/05\/bt-facebook.svg\" title=\"bt-facebook\" class=\"wp-image-95\" \/><\/span><\/a><\/div>\n<div class=\"et_pb_image_2 et_pb_image et_pb_module et_flex_module preset--group--divi-image--divi-spacing--default\"><a href=\"https:\/\/www.instagram.com\/coupeicare\/\" target=\"_blank\"><span class=\"et_pb_image_wrap\"><img decoding=\"async\" src=\"https:\/\/www.coupe-icare.org\/wp-content\/uploads\/2024\/05\/bt-instagram.svg\" title=\"bt-instagram\" class=\"wp-image-89\" \/><\/span><\/a><\/div>\n<\/div>\n<\/div><\/div><\/div>\n\n<div class=\"et_pb_code_1 et_pb_code et_pb_module preset--group--divi-code--divi-spacing--default\"><div class=\"et_pb_code_inner\">\n<div id=\"sb_instagram\"  class=\"sbi sbi_mob_col_2 sbi_tab_col_2 sbi_col_2 sbi_width_resp\" style=\"padding-bottom: 2px;\"\t data-feedid=\"*1\"  data-res=\"auto\" data-cols=\"2\" data-colsmobile=\"2\" data-colstablet=\"2\" data-num=\"8\" data-nummobile=\"4\" data-item-padding=\"1\"\t data-shortcode-atts=\"{&quot;feed&quot;:&quot;1&quot;}\"  data-postid=\"26054388\" data-locatornonce=\"4e319de388\" data-imageaspectratio=\"1:1\" data-sbi-flags=\"favorLocal,gdpr\">\n\t<div class=\"sb_instagram_header \"   >\n\t<a class=\"sbi_header_link\" target=\"_blank\"\n\t   rel=\"nofollow noopener\" href=\"https:\/\/www.instagram.com\/coupeicare\/\" title=\"@coupeicare\">\n\t\t<div class=\"sbi_header_text\">\n\t\t\t<div class=\"sbi_header_img\"  data-avatar-url=\"https:\/\/scontent-cdg4-3.xx.fbcdn.net\/v\/t51.82787-15\/629352804_18396575971194360_8584992461632218334_n.jpg?_nc_cat=111&amp;ccb=1-7&amp;_nc_sid=7d201b&amp;_nc_ohc=HR0kbu_M0_UQ7kNvwFU4v-R&amp;_nc_oc=Adoc-csgstbvASzDdoh9uV41UuGDasmyXBNWT-motABWeoQNzlLNJHS6SEEYeRbw2co&amp;_nc_zt=23&amp;_nc_ht=scontent-cdg4-3.xx&amp;edm=AL-3X8kEAAAA&amp;_nc_gid=DBYRmpzPdgfK5e30KreArQ&amp;oh=00_Af3I6-5esJ-_jCHvznUQqcr8lPNNr2aOwKmhXF7kjp449Q&amp;oe=69F70481\">\n\t\t\t\t\t\t\t\t\t<div class=\"sbi_header_img_hover\"  ><svg class=\"sbi_new_logo fa-instagram fa-w-14\" aria-hidden=\"true\" data-fa-processed=\"\" aria-label=\"Instagram\" data-prefix=\"fab\" data-icon=\"instagram\" role=\"img\" viewBox=\"0 0 448 512\">\n                    <path fill=\"currentColor\" d=\"M224.1 141c-63.6 0-114.9 51.3-114.9 114.9s51.3 114.9 114.9 114.9S339 319.5 339 255.9 287.7 141 224.1 141zm0 189.6c-41.1 0-74.7-33.5-74.7-74.7s33.5-74.7 74.7-74.7 74.7 33.5 74.7 74.7-33.6 74.7-74.7 74.7zm146.4-194.3c0 14.9-12 26.8-26.8 26.8-14.9 0-26.8-12-26.8-26.8s12-26.8 26.8-26.8 26.8 12 26.8 26.8zm76.1 27.2c-1.7-35.9-9.9-67.7-36.2-93.9-26.2-26.2-58-34.4-93.9-36.2-37-2.1-147.9-2.1-184.9 0-35.8 1.7-67.6 9.9-93.9 36.1s-34.4 58-36.2 93.9c-2.1 37-2.1 147.9 0 184.9 1.7 35.9 9.9 67.7 36.2 93.9s58 34.4 93.9 36.2c37 2.1 147.9 2.1 184.9 0 35.9-1.7 67.7-9.9 93.9-36.2 26.2-26.2 34.4-58 36.2-93.9 2.1-37 2.1-147.8 0-184.8zM398.8 388c-7.8 19.6-22.9 34.7-42.6 42.6-29.5 11.7-99.5 9-132.1 9s-102.7 2.6-132.1-9c-19.6-7.8-34.7-22.9-42.6-42.6-11.7-29.5-9-99.5-9-132.1s-2.6-102.7 9-132.1c7.8-19.6 22.9-34.7 42.6-42.6 29.5-11.7 99.5-9 132.1-9s102.7-2.6 132.1 9c19.6 7.8 34.7 22.9 42.6 42.6 11.7 29.5 9 99.5 9 132.1s2.7 102.7-9 132.1z\"><\/path>\n                <\/svg><\/div>\n\t\t\t\t\t<img loading=\"lazy\" decoding=\"async\"  src=\"https:\/\/www.coupe-icare.org\/wp-content\/uploads\/sb-instagram-feed-images\/coupeicare.webp\" alt=\"\" width=\"50\" height=\"50\">\n\t\t\t\t\n\t\t\t\t\t\t\t<\/div>\n\n\t\t\t<div class=\"sbi_feedtheme_header_text\">\n\t\t\t\t<h3>coupeicare<\/h3>\n\t\t\t\t\t\t\t\t\t<p class=\"sbi_bio\">\ud83e\ude82 53e Coupe Icare 15-20 sept. 2026<br>\nLe + grand festival de parapente &amp; de sports a\u00e9riens ultral\u00e9gers du monde <br>\n\ud83d\udccd St-Hilaire &amp; Lumbin (Is\u00e8re) \ud83c\uddeb\ud83c\uddf7<\/p>\n\t\t\t\t\t\t\t<\/div>\n\t\t<\/div>\n\t<\/a>\n<\/div>\n\n\t<div id=\"sbi_images\"  style=\"gap: 2px;\">\n\t\t<div class=\"sbi_item sbi_type_carousel sbi_new sbi_transition\"\n\tid=\"sbi_18319129054271785\" data-date=\"1777393965\">\n\t<div class=\"sbi_photo_wrap\">\n\t\t<a class=\"sbi_photo\" href=\"https:\/\/www.instagram.com\/p\/DXrqMApChpi\/\" target=\"_blank\" rel=\"noopener nofollow\"\n\t\t\tdata-full-res=\"https:\/\/scontent-cdg6-1.cdninstagram.com\/v\/t51.82787-15\/670774003_18408502747194360_7394356545605733973_n.heic?stp=dst-jpg_e35_tt6&#038;_nc_cat=105&#038;ccb=7-5&#038;_nc_sid=18de74&#038;efg=eyJlZmdfdGFnIjoiQ0FST1VTRUxfSVRFTS5iZXN0X2ltYWdlX3VybGdlbi5DMyJ9&#038;_nc_ohc=m7aunuqugF8Q7kNvwH1c1b2&#038;_nc_oc=Adrw9MYnNi4vxcId-2bSRYdAai7O0m5Hhuy_g8S8vfHUqp-xjHvF66g4q-X-2zZWL9A&#038;_nc_zt=23&#038;_nc_ht=scontent-cdg6-1.cdninstagram.com&#038;edm=AM6HXa8EAAAA&#038;_nc_gid=MZHPCffPsEMU3dSskj9slg&#038;oh=00_Af3ZWJL6DMnE571R3jc5FMsv3ew64AdGbmcgd3y_AueNjQ&#038;oe=69F72A2B\"\n\t\t\tdata-img-src-set=\"{&quot;d&quot;:&quot;https:\\\/\\\/scontent-cdg6-1.cdninstagram.com\\\/v\\\/t51.82787-15\\\/670774003_18408502747194360_7394356545605733973_n.heic?stp=dst-jpg_e35_tt6&amp;_nc_cat=105&amp;ccb=7-5&amp;_nc_sid=18de74&amp;efg=eyJlZmdfdGFnIjoiQ0FST1VTRUxfSVRFTS5iZXN0X2ltYWdlX3VybGdlbi5DMyJ9&amp;_nc_ohc=m7aunuqugF8Q7kNvwH1c1b2&amp;_nc_oc=Adrw9MYnNi4vxcId-2bSRYdAai7O0m5Hhuy_g8S8vfHUqp-xjHvF66g4q-X-2zZWL9A&amp;_nc_zt=23&amp;_nc_ht=scontent-cdg6-1.cdninstagram.com&amp;edm=AM6HXa8EAAAA&amp;_nc_gid=MZHPCffPsEMU3dSskj9slg&amp;oh=00_Af3ZWJL6DMnE571R3jc5FMsv3ew64AdGbmcgd3y_AueNjQ&amp;oe=69F72A2B&quot;,&quot;150&quot;:&quot;https:\\\/\\\/scontent-cdg6-1.cdninstagram.com\\\/v\\\/t51.82787-15\\\/670774003_18408502747194360_7394356545605733973_n.heic?stp=dst-jpg_e35_tt6&amp;_nc_cat=105&amp;ccb=7-5&amp;_nc_sid=18de74&amp;efg=eyJlZmdfdGFnIjoiQ0FST1VTRUxfSVRFTS5iZXN0X2ltYWdlX3VybGdlbi5DMyJ9&amp;_nc_ohc=m7aunuqugF8Q7kNvwH1c1b2&amp;_nc_oc=Adrw9MYnNi4vxcId-2bSRYdAai7O0m5Hhuy_g8S8vfHUqp-xjHvF66g4q-X-2zZWL9A&amp;_nc_zt=23&amp;_nc_ht=scontent-cdg6-1.cdninstagram.com&amp;edm=AM6HXa8EAAAA&amp;_nc_gid=MZHPCffPsEMU3dSskj9slg&amp;oh=00_Af3ZWJL6DMnE571R3jc5FMsv3ew64AdGbmcgd3y_AueNjQ&amp;oe=69F72A2B&quot;,&quot;320&quot;:&quot;https:\\\/\\\/scontent-cdg6-1.cdninstagram.com\\\/v\\\/t51.82787-15\\\/670774003_18408502747194360_7394356545605733973_n.heic?stp=dst-jpg_e35_tt6&amp;_nc_cat=105&amp;ccb=7-5&amp;_nc_sid=18de74&amp;efg=eyJlZmdfdGFnIjoiQ0FST1VTRUxfSVRFTS5iZXN0X2ltYWdlX3VybGdlbi5DMyJ9&amp;_nc_ohc=m7aunuqugF8Q7kNvwH1c1b2&amp;_nc_oc=Adrw9MYnNi4vxcId-2bSRYdAai7O0m5Hhuy_g8S8vfHUqp-xjHvF66g4q-X-2zZWL9A&amp;_nc_zt=23&amp;_nc_ht=scontent-cdg6-1.cdninstagram.com&amp;edm=AM6HXa8EAAAA&amp;_nc_gid=MZHPCffPsEMU3dSskj9slg&amp;oh=00_Af3ZWJL6DMnE571R3jc5FMsv3ew64AdGbmcgd3y_AueNjQ&amp;oe=69F72A2B&quot;,&quot;640&quot;:&quot;https:\\\/\\\/scontent-cdg6-1.cdninstagram.com\\\/v\\\/t51.82787-15\\\/670774003_18408502747194360_7394356545605733973_n.heic?stp=dst-jpg_e35_tt6&amp;_nc_cat=105&amp;ccb=7-5&amp;_nc_sid=18de74&amp;efg=eyJlZmdfdGFnIjoiQ0FST1VTRUxfSVRFTS5iZXN0X2ltYWdlX3VybGdlbi5DMyJ9&amp;_nc_ohc=m7aunuqugF8Q7kNvwH1c1b2&amp;_nc_oc=Adrw9MYnNi4vxcId-2bSRYdAai7O0m5Hhuy_g8S8vfHUqp-xjHvF66g4q-X-2zZWL9A&amp;_nc_zt=23&amp;_nc_ht=scontent-cdg6-1.cdninstagram.com&amp;edm=AM6HXa8EAAAA&amp;_nc_gid=MZHPCffPsEMU3dSskj9slg&amp;oh=00_Af3ZWJL6DMnE571R3jc5FMsv3ew64AdGbmcgd3y_AueNjQ&amp;oe=69F72A2B&quot;}\">\n\t\t\t<span class=\"sbi-screenreader\">Rejoins-nous \u00e0 Icare Expo, le salon des pros du vo<\/span>\n\t\t\t<svg class=\"svg-inline--fa fa-clone fa-w-16 sbi_lightbox_carousel_icon\" aria-hidden=\"true\" aria-label=\"Clone\" data-fa-pro\u0192cessed=\"\" data-prefix=\"far\" data-icon=\"clone\" role=\"img\" xmlns=\"http:\/\/www.w3.org\/2000\/svg\" viewBox=\"0 0 512 512\">\n                    <path fill=\"currentColor\" d=\"M464 0H144c-26.51 0-48 21.49-48 48v48H48c-26.51 0-48 21.49-48 48v320c0 26.51 21.49 48 48 48h320c26.51 0 48-21.49 48-48v-48h48c26.51 0 48-21.49 48-48V48c0-26.51-21.49-48-48-48zM362 464H54a6 6 0 0 1-6-6V150a6 6 0 0 1 6-6h42v224c0 26.51 21.49 48 48 48h224v42a6 6 0 0 1-6 6zm96-96H150a6 6 0 0 1-6-6V54a6 6 0 0 1 6-6h308a6 6 0 0 1 6 6v308a6 6 0 0 1-6 6z\"><\/path>\n                <\/svg>\t\t\t\t\t\t<img decoding=\"async\" src=\"https:\/\/www.coupe-icare.org\/wp-content\/plugins\/instagram-feed\/img\/placeholder.png\" alt=\"Rejoins-nous \u00e0 Icare Expo, le salon des pros du vol libre !\n\nTu te poses des questions sur Icare Expo ?\nTu es constructeur, importateur, artisan, artiste, \u00e9cole, club ?\nTu es int\u00e9ress\u00e9 pour exposer ?\n\n\u00c9cris-nous avec le formulaire de contact\n\nhttps:\/\/www.coupe-icare.org\/contacts\/\n\n\u2014---------------------------------------------\n\nJoin us at Icare Expo, the trade fair for free flight professionals!\n\nDo you have any questions about Icare Expo?\nYou\u2019re a builder, importer, craftsman, artist, school or club?\nInterested in exhibiting?\n\nGet in touch using the contact form\n\nhttps:\/\/www.coupe-icare.org\/contacts\/ \n\n#icareexpo\n#coupeicare\n#salon2026\n#exhibition\n#vollibre\" aria-hidden=\"true\">\n\t\t<\/a>\n\t<\/div>\n<\/div><div class=\"sbi_item sbi_type_carousel sbi_new sbi_transition\"\n\tid=\"sbi_18016906445832561\" data-date=\"1776359587\">\n\t<div class=\"sbi_photo_wrap\">\n\t\t<a class=\"sbi_photo\" href=\"https:\/\/www.instagram.com\/p\/DXM1RJsCsrV\/\" target=\"_blank\" rel=\"noopener nofollow\"\n\t\t\tdata-full-res=\"https:\/\/scontent-cdg4-3.cdninstagram.com\/v\/t51.82787-15\/670524931_18406642699194360_4821588099300146568_n.heic?stp=dst-jpg_e35_tt6&#038;_nc_cat=111&#038;ccb=7-5&#038;_nc_sid=18de74&#038;efg=eyJlZmdfdGFnIjoiQ0FST1VTRUxfSVRFTS5iZXN0X2ltYWdlX3VybGdlbi5DMyJ9&#038;_nc_ohc=tu8fsb0L1w8Q7kNvwFT_oCM&#038;_nc_oc=Adp7HVmKe_zqhxPpsk8zcloLQA7zUQ9oaqUBwhFa-f1X9mZ-pSV4RxThuqO5tVWf4FY&#038;_nc_zt=23&#038;_nc_ht=scontent-cdg4-3.cdninstagram.com&#038;edm=AM6HXa8EAAAA&#038;_nc_gid=MZHPCffPsEMU3dSskj9slg&#038;oh=00_Af30Dk0vKQDL4BnJYMjUN8I2a89YVSDE18bL1h4hzCaOwg&#038;oe=69F716E7\"\n\t\t\tdata-img-src-set=\"{&quot;d&quot;:&quot;https:\\\/\\\/scontent-cdg4-3.cdninstagram.com\\\/v\\\/t51.82787-15\\\/670524931_18406642699194360_4821588099300146568_n.heic?stp=dst-jpg_e35_tt6&amp;_nc_cat=111&amp;ccb=7-5&amp;_nc_sid=18de74&amp;efg=eyJlZmdfdGFnIjoiQ0FST1VTRUxfSVRFTS5iZXN0X2ltYWdlX3VybGdlbi5DMyJ9&amp;_nc_ohc=tu8fsb0L1w8Q7kNvwFT_oCM&amp;_nc_oc=Adp7HVmKe_zqhxPpsk8zcloLQA7zUQ9oaqUBwhFa-f1X9mZ-pSV4RxThuqO5tVWf4FY&amp;_nc_zt=23&amp;_nc_ht=scontent-cdg4-3.cdninstagram.com&amp;edm=AM6HXa8EAAAA&amp;_nc_gid=MZHPCffPsEMU3dSskj9slg&amp;oh=00_Af30Dk0vKQDL4BnJYMjUN8I2a89YVSDE18bL1h4hzCaOwg&amp;oe=69F716E7&quot;,&quot;150&quot;:&quot;https:\\\/\\\/scontent-cdg4-3.cdninstagram.com\\\/v\\\/t51.82787-15\\\/670524931_18406642699194360_4821588099300146568_n.heic?stp=dst-jpg_e35_tt6&amp;_nc_cat=111&amp;ccb=7-5&amp;_nc_sid=18de74&amp;efg=eyJlZmdfdGFnIjoiQ0FST1VTRUxfSVRFTS5iZXN0X2ltYWdlX3VybGdlbi5DMyJ9&amp;_nc_ohc=tu8fsb0L1w8Q7kNvwFT_oCM&amp;_nc_oc=Adp7HVmKe_zqhxPpsk8zcloLQA7zUQ9oaqUBwhFa-f1X9mZ-pSV4RxThuqO5tVWf4FY&amp;_nc_zt=23&amp;_nc_ht=scontent-cdg4-3.cdninstagram.com&amp;edm=AM6HXa8EAAAA&amp;_nc_gid=MZHPCffPsEMU3dSskj9slg&amp;oh=00_Af30Dk0vKQDL4BnJYMjUN8I2a89YVSDE18bL1h4hzCaOwg&amp;oe=69F716E7&quot;,&quot;320&quot;:&quot;https:\\\/\\\/scontent-cdg4-3.cdninstagram.com\\\/v\\\/t51.82787-15\\\/670524931_18406642699194360_4821588099300146568_n.heic?stp=dst-jpg_e35_tt6&amp;_nc_cat=111&amp;ccb=7-5&amp;_nc_sid=18de74&amp;efg=eyJlZmdfdGFnIjoiQ0FST1VTRUxfSVRFTS5iZXN0X2ltYWdlX3VybGdlbi5DMyJ9&amp;_nc_ohc=tu8fsb0L1w8Q7kNvwFT_oCM&amp;_nc_oc=Adp7HVmKe_zqhxPpsk8zcloLQA7zUQ9oaqUBwhFa-f1X9mZ-pSV4RxThuqO5tVWf4FY&amp;_nc_zt=23&amp;_nc_ht=scontent-cdg4-3.cdninstagram.com&amp;edm=AM6HXa8EAAAA&amp;_nc_gid=MZHPCffPsEMU3dSskj9slg&amp;oh=00_Af30Dk0vKQDL4BnJYMjUN8I2a89YVSDE18bL1h4hzCaOwg&amp;oe=69F716E7&quot;,&quot;640&quot;:&quot;https:\\\/\\\/scontent-cdg4-3.cdninstagram.com\\\/v\\\/t51.82787-15\\\/670524931_18406642699194360_4821588099300146568_n.heic?stp=dst-jpg_e35_tt6&amp;_nc_cat=111&amp;ccb=7-5&amp;_nc_sid=18de74&amp;efg=eyJlZmdfdGFnIjoiQ0FST1VTRUxfSVRFTS5iZXN0X2ltYWdlX3VybGdlbi5DMyJ9&amp;_nc_ohc=tu8fsb0L1w8Q7kNvwFT_oCM&amp;_nc_oc=Adp7HVmKe_zqhxPpsk8zcloLQA7zUQ9oaqUBwhFa-f1X9mZ-pSV4RxThuqO5tVWf4FY&amp;_nc_zt=23&amp;_nc_ht=scontent-cdg4-3.cdninstagram.com&amp;edm=AM6HXa8EAAAA&amp;_nc_gid=MZHPCffPsEMU3dSskj9slg&amp;oh=00_Af30Dk0vKQDL4BnJYMjUN8I2a89YVSDE18bL1h4hzCaOwg&amp;oe=69F716E7&quot;}\">\n\t\t\t<span class=\"sbi-screenreader\">Cap sur la 53e \u00e9dition de la Coupe Icare !\n\nIl y a<\/span>\n\t\t\t<svg class=\"svg-inline--fa fa-clone fa-w-16 sbi_lightbox_carousel_icon\" aria-hidden=\"true\" aria-label=\"Clone\" data-fa-pro\u0192cessed=\"\" data-prefix=\"far\" data-icon=\"clone\" role=\"img\" xmlns=\"http:\/\/www.w3.org\/2000\/svg\" viewBox=\"0 0 512 512\">\n                    <path fill=\"currentColor\" d=\"M464 0H144c-26.51 0-48 21.49-48 48v48H48c-26.51 0-48 21.49-48 48v320c0 26.51 21.49 48 48 48h320c26.51 0 48-21.49 48-48v-48h48c26.51 0 48-21.49 48-48V48c0-26.51-21.49-48-48-48zM362 464H54a6 6 0 0 1-6-6V150a6 6 0 0 1 6-6h42v224c0 26.51 21.49 48 48 48h224v42a6 6 0 0 1-6 6zm96-96H150a6 6 0 0 1-6-6V54a6 6 0 0 1 6-6h308a6 6 0 0 1 6 6v308a6 6 0 0 1-6 6z\"><\/path>\n                <\/svg>\t\t\t\t\t\t<img decoding=\"async\" src=\"https:\/\/www.coupe-icare.org\/wp-content\/plugins\/instagram-feed\/img\/placeholder.png\" alt=\"Cap sur la 53e \u00e9dition de la Coupe Icare !\n\nIl y a un mois jour pour jour, nous nous retrouvions pour l\u2019Assembl\u00e9e G\u00e9n\u00e9rale de l\u2019association Coupe Icare.org.\nUn rendez-vous incontournable de la vie associative pour faire le point de l\u2019ann\u00e9e \u00e9coul\u00e9e avec les votes des rapports moral et financier et \u00e9lire la nouvelle \u00e9quipe dirigeante.\nMais \u00e9galement un moment chaleureux pour se retrouver, remercier, et partager le verre de l\u2019amiti\u00e9.\n\nMerci \u00e0 tous nos b\u00e9n\u00e9voles. \nSans vous, rien ne serait possible. Votre \u00e9nergie, votre engagement, votre bonne humeur font battre le c\u0153ur de la Coupe Icare. \nMerci \u00e0 nos partenaires institutionnels et priv\u00e9s.\nPour leur confiance et leur soutien, indispensables \u00e0 la p\u00e9rennit\u00e9 de l\u2019\u00e9v\u00e9nement.\nOn se donne rendez-vous du 15 au 20 septembre 2026.\n\n\ud83d\udcf8 Photos :  @alaindouce @johan_chemin_photography @thib.mountain, Michel Ferrer\n\ud83c\udfa8 Illustration : @valerie.dumas.artiste\n------------------\nEyes on the 53rd edition of the Coupe Icare!\n\nExactly one month ago to the day, we gathered for the \u201cAssembl\u00e9 g\u00e9n\u00e9rale\u201d of the Coupe Icare.org association.\nAn unmissable event in the life of the association, providing an opportunity to review the past year with the approval of the annual and financial reports and the election of the new management team.\nBut it was also a warm and friendly occasion to get together, express our gratitude, and share a drink in good company.\n\nOver 250 volunteer members of the Coupe Icare Association\n30 partner associations from the local area and 1,500 volunteers affiliated with these partners.\nThank you to all our volunteers !\nWithout you, none of this would be possible. Your energy, your commitment and your good humour are what keep the Coupe Icare\u2019s heart beating. \nThank you to our institutional and private partners.\nFor their trust and support, which are essential to the event\u2019s long-term future.\n\nWe look forward to seeing you from 15 to 20 September 2026.\n\n#coupeicare #vollibre #isere #b\u00e9n\u00e9voles #association\" aria-hidden=\"true\">\n\t\t<\/a>\n\t<\/div>\n<\/div><div class=\"sbi_item sbi_type_carousel sbi_new sbi_transition\"\n\tid=\"sbi_18089062709584188\" data-date=\"1775728473\">\n\t<div class=\"sbi_photo_wrap\">\n\t\t<a class=\"sbi_photo\" href=\"https:\/\/www.instagram.com\/p\/DW6Bg42Cl5n\/\" target=\"_blank\" rel=\"noopener nofollow\"\n\t\t\tdata-full-res=\"https:\/\/scontent-cdg4-2.cdninstagram.com\/v\/t51.82787-15\/660858587_18405597934194360_2839267616774592779_n.heic?stp=dst-jpg_e35_tt6&#038;_nc_cat=100&#038;ccb=7-5&#038;_nc_sid=18de74&#038;efg=eyJlZmdfdGFnIjoiQ0FST1VTRUxfSVRFTS5iZXN0X2ltYWdlX3VybGdlbi5DMyJ9&#038;_nc_ohc=J0Jz7KHS9GYQ7kNvwGueipE&#038;_nc_oc=AdrN7VFDoyVCDrTMSW_iAUMAdUhXLIq2lWRuPLInCp7CeVNHcNvPv7L1LlHJjqlqxOA&#038;_nc_zt=23&#038;_nc_ht=scontent-cdg4-2.cdninstagram.com&#038;edm=AM6HXa8EAAAA&#038;_nc_gid=MZHPCffPsEMU3dSskj9slg&#038;oh=00_Af36ie1P26j8vW0JmaDbVL0mLPasAIUhlwWzu8ZIeztsAw&#038;oe=69F70ACC\"\n\t\t\tdata-img-src-set=\"{&quot;d&quot;:&quot;https:\\\/\\\/scontent-cdg4-2.cdninstagram.com\\\/v\\\/t51.82787-15\\\/660858587_18405597934194360_2839267616774592779_n.heic?stp=dst-jpg_e35_tt6&amp;_nc_cat=100&amp;ccb=7-5&amp;_nc_sid=18de74&amp;efg=eyJlZmdfdGFnIjoiQ0FST1VTRUxfSVRFTS5iZXN0X2ltYWdlX3VybGdlbi5DMyJ9&amp;_nc_ohc=J0Jz7KHS9GYQ7kNvwGueipE&amp;_nc_oc=AdrN7VFDoyVCDrTMSW_iAUMAdUhXLIq2lWRuPLInCp7CeVNHcNvPv7L1LlHJjqlqxOA&amp;_nc_zt=23&amp;_nc_ht=scontent-cdg4-2.cdninstagram.com&amp;edm=AM6HXa8EAAAA&amp;_nc_gid=MZHPCffPsEMU3dSskj9slg&amp;oh=00_Af36ie1P26j8vW0JmaDbVL0mLPasAIUhlwWzu8ZIeztsAw&amp;oe=69F70ACC&quot;,&quot;150&quot;:&quot;https:\\\/\\\/scontent-cdg4-2.cdninstagram.com\\\/v\\\/t51.82787-15\\\/660858587_18405597934194360_2839267616774592779_n.heic?stp=dst-jpg_e35_tt6&amp;_nc_cat=100&amp;ccb=7-5&amp;_nc_sid=18de74&amp;efg=eyJlZmdfdGFnIjoiQ0FST1VTRUxfSVRFTS5iZXN0X2ltYWdlX3VybGdlbi5DMyJ9&amp;_nc_ohc=J0Jz7KHS9GYQ7kNvwGueipE&amp;_nc_oc=AdrN7VFDoyVCDrTMSW_iAUMAdUhXLIq2lWRuPLInCp7CeVNHcNvPv7L1LlHJjqlqxOA&amp;_nc_zt=23&amp;_nc_ht=scontent-cdg4-2.cdninstagram.com&amp;edm=AM6HXa8EAAAA&amp;_nc_gid=MZHPCffPsEMU3dSskj9slg&amp;oh=00_Af36ie1P26j8vW0JmaDbVL0mLPasAIUhlwWzu8ZIeztsAw&amp;oe=69F70ACC&quot;,&quot;320&quot;:&quot;https:\\\/\\\/scontent-cdg4-2.cdninstagram.com\\\/v\\\/t51.82787-15\\\/660858587_18405597934194360_2839267616774592779_n.heic?stp=dst-jpg_e35_tt6&amp;_nc_cat=100&amp;ccb=7-5&amp;_nc_sid=18de74&amp;efg=eyJlZmdfdGFnIjoiQ0FST1VTRUxfSVRFTS5iZXN0X2ltYWdlX3VybGdlbi5DMyJ9&amp;_nc_ohc=J0Jz7KHS9GYQ7kNvwGueipE&amp;_nc_oc=AdrN7VFDoyVCDrTMSW_iAUMAdUhXLIq2lWRuPLInCp7CeVNHcNvPv7L1LlHJjqlqxOA&amp;_nc_zt=23&amp;_nc_ht=scontent-cdg4-2.cdninstagram.com&amp;edm=AM6HXa8EAAAA&amp;_nc_gid=MZHPCffPsEMU3dSskj9slg&amp;oh=00_Af36ie1P26j8vW0JmaDbVL0mLPasAIUhlwWzu8ZIeztsAw&amp;oe=69F70ACC&quot;,&quot;640&quot;:&quot;https:\\\/\\\/scontent-cdg4-2.cdninstagram.com\\\/v\\\/t51.82787-15\\\/660858587_18405597934194360_2839267616774592779_n.heic?stp=dst-jpg_e35_tt6&amp;_nc_cat=100&amp;ccb=7-5&amp;_nc_sid=18de74&amp;efg=eyJlZmdfdGFnIjoiQ0FST1VTRUxfSVRFTS5iZXN0X2ltYWdlX3VybGdlbi5DMyJ9&amp;_nc_ohc=J0Jz7KHS9GYQ7kNvwGueipE&amp;_nc_oc=AdrN7VFDoyVCDrTMSW_iAUMAdUhXLIq2lWRuPLInCp7CeVNHcNvPv7L1LlHJjqlqxOA&amp;_nc_zt=23&amp;_nc_ht=scontent-cdg4-2.cdninstagram.com&amp;edm=AM6HXa8EAAAA&amp;_nc_gid=MZHPCffPsEMU3dSskj9slg&amp;oh=00_Af36ie1P26j8vW0JmaDbVL0mLPasAIUhlwWzu8ZIeztsAw&amp;oe=69F70ACC&quot;}\">\n\t\t\t<span class=\"sbi-screenreader\">La baleine s&#8217;envole de St-Hilaire jusqu&#8217;\u00e0 Quimper\ufe0f<\/span>\n\t\t\t<svg class=\"svg-inline--fa fa-clone fa-w-16 sbi_lightbox_carousel_icon\" aria-hidden=\"true\" aria-label=\"Clone\" data-fa-pro\u0192cessed=\"\" data-prefix=\"far\" data-icon=\"clone\" role=\"img\" xmlns=\"http:\/\/www.w3.org\/2000\/svg\" viewBox=\"0 0 512 512\">\n                    <path fill=\"currentColor\" d=\"M464 0H144c-26.51 0-48 21.49-48 48v48H48c-26.51 0-48 21.49-48 48v320c0 26.51 21.49 48 48 48h320c26.51 0 48-21.49 48-48v-48h48c26.51 0 48-21.49 48-48V48c0-26.51-21.49-48-48-48zM362 464H54a6 6 0 0 1-6-6V150a6 6 0 0 1 6-6h42v224c0 26.51 21.49 48 48 48h224v42a6 6 0 0 1-6 6zm96-96H150a6 6 0 0 1-6-6V54a6 6 0 0 1 6-6h308a6 6 0 0 1 6 6v308a6 6 0 0 1-6 6z\"><\/path>\n                <\/svg>\t\t\t\t\t\t<img decoding=\"async\" src=\"https:\/\/www.coupe-icare.org\/wp-content\/plugins\/instagram-feed\/img\/placeholder.png\" alt=\"La baleine s'envole de St-Hilaire jusqu'\u00e0 Quimper\ufe0f\ud83c\udf0a\n\r\nTrouve ton sac dans nos points de vente partenaires en attendant de c\u00e9l\u00e9brer ensemble le plus\rgrand rassemblement de vol libre au monde !\n\r\nNos sacs cabas voyagent partout en France et \u00e0 l'international depuis 2012.\n\r\nAujourd'hui, plus de 100 points de vente les proposent aux couleurs de chaque nouvelle \u00e9dition.\n\r\nPour trouver ton sac \ud83d\udc49 RV sur le site internet de la Coupe Icare, rubrique info pratiques clic sur \u201cnos sacs\u201d \ud83d\udc49 www.coupe-icare.org\/nos-sacs\/\n\r\nUn immense merci \u00e0 toutes celles et ceux qui participent \u00e0 cette belle aventure.\n\nSi tu veux toi aussi rejoindre l'\u00e9quipe, rendez-vous sur la page contact de notre site internet !\n\r\n------------------\n\r\nThe whale takes flight from St-Hilaire to Quimper\ufe0f\ud83c\udf0a\n\r\nFind your bag at our partner retailers while we wait to celebrate the world\u2019s biggest free-flight gathering together!\n\r\nOur tote bags have been travelling all over France and internationally since 2012.\n\nToday, over 100 retail outlets stock them in the colours of each new edition.\n\r\nTo find your bag \ud83d\udc49 Head to the Coupe Icare website, under the \u2018Practical Info\u2019 section, and click on \u2018Our Bags\u2019 \ud83d\udc49 www.coupe-icare.org\/en\/our-bags\/\n\r\nA huge thank you to everyone involved in this wonderful adventure.\n\nIf you\u2019d like to join the team too, head to the contact page on our website!\n\n#saccoupeicare \n#coupeicare\n#comiquederepetition \n#vollibre \n#parapente\" aria-hidden=\"true\">\n\t\t<\/a>\n\t<\/div>\n<\/div><div class=\"sbi_item sbi_type_video sbi_new sbi_transition\"\n\tid=\"sbi_18106874881881201\" data-date=\"1774026011\">\n\t<div class=\"sbi_photo_wrap\">\n\t\t<a class=\"sbi_photo\" href=\"https:\/\/www.instagram.com\/reel\/DWHSV-bM9YD\/\" target=\"_blank\" rel=\"noopener nofollow\"\n\t\t\tdata-full-res=\"https:\/\/scontent-cdg4-3.cdninstagram.com\/v\/t51.82787-15\/655578533_18401845231194360_4605958026643729357_n.jpg?stp=dst-jpg_e35_tt6&#038;_nc_cat=111&#038;ccb=7-5&#038;_nc_sid=18de74&#038;efg=eyJlZmdfdGFnIjoiQ0xJUFMuYmVzdF9pbWFnZV91cmxnZW4uQzMifQ%3D%3D&#038;_nc_ohc=RO4MPPCHYNIQ7kNvwHQvIhG&#038;_nc_oc=AdrbALyNKQGWND0AN8gkeR8USVR70FVlDmxiZkEGRsQISxLtNbiM11aGf_kXro2MDQs&#038;_nc_zt=23&#038;_nc_ht=scontent-cdg4-3.cdninstagram.com&#038;edm=AM6HXa8EAAAA&#038;_nc_gid=MZHPCffPsEMU3dSskj9slg&#038;_nc_tpa=Q5bMBQGY6hR0qEDyIOtqt26blPtgy37HCWcpw4KZ-vFSPMyonnVFAJF4PmTw-VR91YY97_bNyW3RJRqK&#038;oh=00_Af0vzAO6nWEJo8x7rS1_79O601LxRWvvFFAMS6y6VImniQ&#038;oe=69F6F6AB\"\n\t\t\tdata-img-src-set=\"{&quot;d&quot;:&quot;https:\\\/\\\/scontent-cdg4-3.cdninstagram.com\\\/v\\\/t51.82787-15\\\/655578533_18401845231194360_4605958026643729357_n.jpg?stp=dst-jpg_e35_tt6&amp;_nc_cat=111&amp;ccb=7-5&amp;_nc_sid=18de74&amp;efg=eyJlZmdfdGFnIjoiQ0xJUFMuYmVzdF9pbWFnZV91cmxnZW4uQzMifQ%3D%3D&amp;_nc_ohc=RO4MPPCHYNIQ7kNvwHQvIhG&amp;_nc_oc=AdrbALyNKQGWND0AN8gkeR8USVR70FVlDmxiZkEGRsQISxLtNbiM11aGf_kXro2MDQs&amp;_nc_zt=23&amp;_nc_ht=scontent-cdg4-3.cdninstagram.com&amp;edm=AM6HXa8EAAAA&amp;_nc_gid=MZHPCffPsEMU3dSskj9slg&amp;_nc_tpa=Q5bMBQGY6hR0qEDyIOtqt26blPtgy37HCWcpw4KZ-vFSPMyonnVFAJF4PmTw-VR91YY97_bNyW3RJRqK&amp;oh=00_Af0vzAO6nWEJo8x7rS1_79O601LxRWvvFFAMS6y6VImniQ&amp;oe=69F6F6AB&quot;,&quot;150&quot;:&quot;https:\\\/\\\/scontent-cdg4-3.cdninstagram.com\\\/v\\\/t51.82787-15\\\/655578533_18401845231194360_4605958026643729357_n.jpg?stp=dst-jpg_e35_tt6&amp;_nc_cat=111&amp;ccb=7-5&amp;_nc_sid=18de74&amp;efg=eyJlZmdfdGFnIjoiQ0xJUFMuYmVzdF9pbWFnZV91cmxnZW4uQzMifQ%3D%3D&amp;_nc_ohc=RO4MPPCHYNIQ7kNvwHQvIhG&amp;_nc_oc=AdrbALyNKQGWND0AN8gkeR8USVR70FVlDmxiZkEGRsQISxLtNbiM11aGf_kXro2MDQs&amp;_nc_zt=23&amp;_nc_ht=scontent-cdg4-3.cdninstagram.com&amp;edm=AM6HXa8EAAAA&amp;_nc_gid=MZHPCffPsEMU3dSskj9slg&amp;_nc_tpa=Q5bMBQGY6hR0qEDyIOtqt26blPtgy37HCWcpw4KZ-vFSPMyonnVFAJF4PmTw-VR91YY97_bNyW3RJRqK&amp;oh=00_Af0vzAO6nWEJo8x7rS1_79O601LxRWvvFFAMS6y6VImniQ&amp;oe=69F6F6AB&quot;,&quot;320&quot;:&quot;https:\\\/\\\/scontent-cdg4-3.cdninstagram.com\\\/v\\\/t51.82787-15\\\/655578533_18401845231194360_4605958026643729357_n.jpg?stp=dst-jpg_e35_tt6&amp;_nc_cat=111&amp;ccb=7-5&amp;_nc_sid=18de74&amp;efg=eyJlZmdfdGFnIjoiQ0xJUFMuYmVzdF9pbWFnZV91cmxnZW4uQzMifQ%3D%3D&amp;_nc_ohc=RO4MPPCHYNIQ7kNvwHQvIhG&amp;_nc_oc=AdrbALyNKQGWND0AN8gkeR8USVR70FVlDmxiZkEGRsQISxLtNbiM11aGf_kXro2MDQs&amp;_nc_zt=23&amp;_nc_ht=scontent-cdg4-3.cdninstagram.com&amp;edm=AM6HXa8EAAAA&amp;_nc_gid=MZHPCffPsEMU3dSskj9slg&amp;_nc_tpa=Q5bMBQGY6hR0qEDyIOtqt26blPtgy37HCWcpw4KZ-vFSPMyonnVFAJF4PmTw-VR91YY97_bNyW3RJRqK&amp;oh=00_Af0vzAO6nWEJo8x7rS1_79O601LxRWvvFFAMS6y6VImniQ&amp;oe=69F6F6AB&quot;,&quot;640&quot;:&quot;https:\\\/\\\/scontent-cdg4-3.cdninstagram.com\\\/v\\\/t51.82787-15\\\/655578533_18401845231194360_4605958026643729357_n.jpg?stp=dst-jpg_e35_tt6&amp;_nc_cat=111&amp;ccb=7-5&amp;_nc_sid=18de74&amp;efg=eyJlZmdfdGFnIjoiQ0xJUFMuYmVzdF9pbWFnZV91cmxnZW4uQzMifQ%3D%3D&amp;_nc_ohc=RO4MPPCHYNIQ7kNvwHQvIhG&amp;_nc_oc=AdrbALyNKQGWND0AN8gkeR8USVR70FVlDmxiZkEGRsQISxLtNbiM11aGf_kXro2MDQs&amp;_nc_zt=23&amp;_nc_ht=scontent-cdg4-3.cdninstagram.com&amp;edm=AM6HXa8EAAAA&amp;_nc_gid=MZHPCffPsEMU3dSskj9slg&amp;_nc_tpa=Q5bMBQGY6hR0qEDyIOtqt26blPtgy37HCWcpw4KZ-vFSPMyonnVFAJF4PmTw-VR91YY97_bNyW3RJRqK&amp;oh=00_Af0vzAO6nWEJo8x7rS1_79O601LxRWvvFFAMS6y6VImniQ&amp;oe=69F6F6AB&quot;}\">\n\t\t\t<span class=\"sbi-screenreader\">On choisit ensemble \u2764\ufe0f\nViens voter pour l&#8217;affiche <\/span>\n\t\t\t\t\t\t<svg style=\"color: rgba(255,255,255,1)\" class=\"svg-inline--fa fa-play fa-w-14 sbi_playbtn\" aria-label=\"Play\" aria-hidden=\"true\" data-fa-processed=\"\" data-prefix=\"fa\" data-icon=\"play\" role=\"presentation\" xmlns=\"http:\/\/www.w3.org\/2000\/svg\" viewBox=\"0 0 448 512\"><path fill=\"currentColor\" d=\"M424.4 214.7L72.4 6.6C43.8-10.3 0 6.1 0 47.9V464c0 37.5 40.7 60.1 72.4 41.3l352-208c31.4-18.5 31.5-64.1 0-82.6z\"><\/path><\/svg>\t\t\t<img decoding=\"async\" src=\"https:\/\/www.coupe-icare.org\/wp-content\/plugins\/instagram-feed\/img\/placeholder.png\" alt=\"On choisit ensemble \u2764\ufe0f\nViens voter pour l'affiche de la Coupe Icare 2027 !\n\n3 propositions de @valerie.dumas.artiste sont en lice cette ann\u00e9e...\n\nPour les d\u00e9couvrir et choisir ton illustration pr\u00e9f\u00e9r\u00e9e \ud83d\udc49 RDV sur le lien en bio @coupeicare ou en story \u00e0 la une\n\nLe vote est ouvert du 20 au 30 mars 2026... Apr\u00e8s il sera trop tard \ud83d\ude0a\n\nPartage l'info \u00e0 tes contacts \ud83e\ude82 en repost ou ensemble  story \ud83d\ude09\n\n***\n\n\ud83c\uddec\ud83c\udde7 Let\u2019s choose together \u2764\ufe0f\nCome and vote for the 2027 Coupe Icare poster!\n\n3 designs by @valerie.dumas.artiste are in the running this year...\n\nTo see them and choose your favourite illustration \ud83d\udc49 Head to the link in the bio @coupeicare or in the featured story\n\nVoting is open from 20 to 30 March 2026... After that, it\u2019ll be too late \ud83d\ude0a\n\nShare the news with your friends \ud83e\ude82 by reposting or in a story \ud83d\ude09\" aria-hidden=\"true\">\n\t\t<\/a>\n\t<\/div>\n<\/div><div class=\"sbi_item sbi_type_carousel sbi_new sbi_transition\"\n\tid=\"sbi_18096062224951401\" data-date=\"1773397822\">\n\t<div class=\"sbi_photo_wrap\">\n\t\t<a class=\"sbi_photo\" href=\"https:\/\/www.instagram.com\/p\/DV0kHUVCpcA\/\" target=\"_blank\" rel=\"noopener nofollow\"\n\t\t\tdata-full-res=\"https:\/\/scontent-cdg6-1.cdninstagram.com\/v\/t51.82787-15\/651053468_18400424971194360_6620642401591609822_n.heic?stp=dst-jpg_e35_tt6&#038;_nc_cat=103&#038;ccb=7-5&#038;_nc_sid=18de74&#038;efg=eyJlZmdfdGFnIjoiQ0FST1VTRUxfSVRFTS5iZXN0X2ltYWdlX3VybGdlbi5DMyJ9&#038;_nc_ohc=MC_4r49F9PAQ7kNvwGxQp-q&#038;_nc_oc=AdrveQ39WgGzG7LYCyPfATKd4S6r8pyNBmPqRvJnmIr1lMtAG-qXvDBRnEivx9qgcDg&#038;_nc_zt=23&#038;_nc_ht=scontent-cdg6-1.cdninstagram.com&#038;edm=AM6HXa8EAAAA&#038;_nc_gid=MZHPCffPsEMU3dSskj9slg&#038;oh=00_Af0YbLjAo5fz1dvtULHDCSHBdcP9xMgHPVvF5hKe3HrihQ&#038;oe=69F71503\"\n\t\t\tdata-img-src-set=\"{&quot;d&quot;:&quot;https:\\\/\\\/scontent-cdg6-1.cdninstagram.com\\\/v\\\/t51.82787-15\\\/651053468_18400424971194360_6620642401591609822_n.heic?stp=dst-jpg_e35_tt6&amp;_nc_cat=103&amp;ccb=7-5&amp;_nc_sid=18de74&amp;efg=eyJlZmdfdGFnIjoiQ0FST1VTRUxfSVRFTS5iZXN0X2ltYWdlX3VybGdlbi5DMyJ9&amp;_nc_ohc=MC_4r49F9PAQ7kNvwGxQp-q&amp;_nc_oc=AdrveQ39WgGzG7LYCyPfATKd4S6r8pyNBmPqRvJnmIr1lMtAG-qXvDBRnEivx9qgcDg&amp;_nc_zt=23&amp;_nc_ht=scontent-cdg6-1.cdninstagram.com&amp;edm=AM6HXa8EAAAA&amp;_nc_gid=MZHPCffPsEMU3dSskj9slg&amp;oh=00_Af0YbLjAo5fz1dvtULHDCSHBdcP9xMgHPVvF5hKe3HrihQ&amp;oe=69F71503&quot;,&quot;150&quot;:&quot;https:\\\/\\\/scontent-cdg6-1.cdninstagram.com\\\/v\\\/t51.82787-15\\\/651053468_18400424971194360_6620642401591609822_n.heic?stp=dst-jpg_e35_tt6&amp;_nc_cat=103&amp;ccb=7-5&amp;_nc_sid=18de74&amp;efg=eyJlZmdfdGFnIjoiQ0FST1VTRUxfSVRFTS5iZXN0X2ltYWdlX3VybGdlbi5DMyJ9&amp;_nc_ohc=MC_4r49F9PAQ7kNvwGxQp-q&amp;_nc_oc=AdrveQ39WgGzG7LYCyPfATKd4S6r8pyNBmPqRvJnmIr1lMtAG-qXvDBRnEivx9qgcDg&amp;_nc_zt=23&amp;_nc_ht=scontent-cdg6-1.cdninstagram.com&amp;edm=AM6HXa8EAAAA&amp;_nc_gid=MZHPCffPsEMU3dSskj9slg&amp;oh=00_Af0YbLjAo5fz1dvtULHDCSHBdcP9xMgHPVvF5hKe3HrihQ&amp;oe=69F71503&quot;,&quot;320&quot;:&quot;https:\\\/\\\/scontent-cdg6-1.cdninstagram.com\\\/v\\\/t51.82787-15\\\/651053468_18400424971194360_6620642401591609822_n.heic?stp=dst-jpg_e35_tt6&amp;_nc_cat=103&amp;ccb=7-5&amp;_nc_sid=18de74&amp;efg=eyJlZmdfdGFnIjoiQ0FST1VTRUxfSVRFTS5iZXN0X2ltYWdlX3VybGdlbi5DMyJ9&amp;_nc_ohc=MC_4r49F9PAQ7kNvwGxQp-q&amp;_nc_oc=AdrveQ39WgGzG7LYCyPfATKd4S6r8pyNBmPqRvJnmIr1lMtAG-qXvDBRnEivx9qgcDg&amp;_nc_zt=23&amp;_nc_ht=scontent-cdg6-1.cdninstagram.com&amp;edm=AM6HXa8EAAAA&amp;_nc_gid=MZHPCffPsEMU3dSskj9slg&amp;oh=00_Af0YbLjAo5fz1dvtULHDCSHBdcP9xMgHPVvF5hKe3HrihQ&amp;oe=69F71503&quot;,&quot;640&quot;:&quot;https:\\\/\\\/scontent-cdg6-1.cdninstagram.com\\\/v\\\/t51.82787-15\\\/651053468_18400424971194360_6620642401591609822_n.heic?stp=dst-jpg_e35_tt6&amp;_nc_cat=103&amp;ccb=7-5&amp;_nc_sid=18de74&amp;efg=eyJlZmdfdGFnIjoiQ0FST1VTRUxfSVRFTS5iZXN0X2ltYWdlX3VybGdlbi5DMyJ9&amp;_nc_ohc=MC_4r49F9PAQ7kNvwGxQp-q&amp;_nc_oc=AdrveQ39WgGzG7LYCyPfATKd4S6r8pyNBmPqRvJnmIr1lMtAG-qXvDBRnEivx9qgcDg&amp;_nc_zt=23&amp;_nc_ht=scontent-cdg6-1.cdninstagram.com&amp;edm=AM6HXa8EAAAA&amp;_nc_gid=MZHPCffPsEMU3dSskj9slg&amp;oh=00_Af0YbLjAo5fz1dvtULHDCSHBdcP9xMgHPVvF5hKe3HrihQ&amp;oe=69F71503&quot;}\">\n\t\t\t<span class=\"sbi-screenreader\">\ud83c\udfac Clap de lancement du festival Icare du Cin\u00e9ma 20<\/span>\n\t\t\t<svg class=\"svg-inline--fa fa-clone fa-w-16 sbi_lightbox_carousel_icon\" aria-hidden=\"true\" aria-label=\"Clone\" data-fa-pro\u0192cessed=\"\" data-prefix=\"far\" data-icon=\"clone\" role=\"img\" xmlns=\"http:\/\/www.w3.org\/2000\/svg\" viewBox=\"0 0 512 512\">\n                    <path fill=\"currentColor\" d=\"M464 0H144c-26.51 0-48 21.49-48 48v48H48c-26.51 0-48 21.49-48 48v320c0 26.51 21.49 48 48 48h320c26.51 0 48-21.49 48-48v-48h48c26.51 0 48-21.49 48-48V48c0-26.51-21.49-48-48-48zM362 464H54a6 6 0 0 1-6-6V150a6 6 0 0 1 6-6h42v224c0 26.51 21.49 48 48 48h224v42a6 6 0 0 1-6 6zm96-96H150a6 6 0 0 1-6-6V54a6 6 0 0 1 6-6h308a6 6 0 0 1 6 6v308a6 6 0 0 1-6 6z\"><\/path>\n                <\/svg>\t\t\t\t\t\t<img decoding=\"async\" src=\"https:\/\/www.coupe-icare.org\/wp-content\/plugins\/instagram-feed\/img\/placeholder.png\" alt=\"\ud83c\udfac Clap de lancement du festival Icare du Cin\u00e9ma 2026 !\n\r\nLes inscriptions en ligne sont ouvertes !\n\r\nVous avez un film autour des sports a\u00e9riens, du vol, de l\u2019air, du vent ?\n\r\nPr\u00e9sentez-le lors de la prochaine Coupe Icare, du 15 au 20 septembre 2026, devant notre jury, les pilotes et les r\u00eaveurs-ses du monde entier. \ud83c\udf7f\n\r\nPro ou amateur, tout le monde peut tenter sa chance aux Icare du Cin\u00e9ma\r\n\n\ud83d\udc49 Inscriptions en ligne jusqu\u2019au 15 juin 2026\nLien en bio @coupeicare\n\n***\n\r\n\ud83c\uddec\ud83c\udde7 The 2026 Icare du Cin\u00e9ma are ready to go!\n\r\nOnline registration is now open!\n\r\nDo you have a film about air sports, flying, air or wind?\r\nPresent it at the next Coupe Icare, from 15 to 20 September 2026, in front of our jury, pilots\r\nand dreamers from around the world.\ud83c\udf7f\n\r\nProfessionals or amateurs, everyone has a chance in our aerial film festival.\n\r\nOnline registration until 15 June 2026\nLink in bio\" aria-hidden=\"true\">\n\t\t<\/a>\n\t<\/div>\n<\/div><div class=\"sbi_item sbi_type_image sbi_new sbi_transition\"\n\tid=\"sbi_17942434440158050\" data-date=\"1773335137\">\n\t<div class=\"sbi_photo_wrap\">\n\t\t<a class=\"sbi_photo\" href=\"https:\/\/www.instagram.com\/p\/DVyslkyjaWA\/\" target=\"_blank\" rel=\"noopener nofollow\"\n\t\t\tdata-full-res=\"https:\/\/scontent-cdg6-1.cdninstagram.com\/v\/t39.30808-6\/650960800_1412185357614208_7856183314476165205_n.jpg?stp=dst-jpg_e35_tt6&#038;_nc_cat=105&#038;ccb=7-5&#038;_nc_sid=18de74&#038;efg=eyJlZmdfdGFnIjoiRkVFRC5iZXN0X2ltYWdlX3VybGdlbi5DMyJ9&#038;_nc_ohc=GoRFtiie4xIQ7kNvwEI3y_E&#038;_nc_oc=Adpu4kvyfrNfs291GzUpUsvKrTcBTa5kHgdd5JB8hCtwikkulR8O3r7qV6JVrxlGN9w&#038;_nc_zt=23&#038;_nc_ht=scontent-cdg6-1.cdninstagram.com&#038;edm=AM6HXa8EAAAA&#038;_nc_gid=MZHPCffPsEMU3dSskj9slg&#038;oh=00_Af0jI0JZ33GCu1sTkW3a_nZVPtMBwUbCNYKNGlGu41iuSg&#038;oe=69F6F64C\"\n\t\t\tdata-img-src-set=\"{&quot;d&quot;:&quot;https:\\\/\\\/scontent-cdg6-1.cdninstagram.com\\\/v\\\/t39.30808-6\\\/650960800_1412185357614208_7856183314476165205_n.jpg?stp=dst-jpg_e35_tt6&amp;_nc_cat=105&amp;ccb=7-5&amp;_nc_sid=18de74&amp;efg=eyJlZmdfdGFnIjoiRkVFRC5iZXN0X2ltYWdlX3VybGdlbi5DMyJ9&amp;_nc_ohc=GoRFtiie4xIQ7kNvwEI3y_E&amp;_nc_oc=Adpu4kvyfrNfs291GzUpUsvKrTcBTa5kHgdd5JB8hCtwikkulR8O3r7qV6JVrxlGN9w&amp;_nc_zt=23&amp;_nc_ht=scontent-cdg6-1.cdninstagram.com&amp;edm=AM6HXa8EAAAA&amp;_nc_gid=MZHPCffPsEMU3dSskj9slg&amp;oh=00_Af0jI0JZ33GCu1sTkW3a_nZVPtMBwUbCNYKNGlGu41iuSg&amp;oe=69F6F64C&quot;,&quot;150&quot;:&quot;https:\\\/\\\/scontent-cdg6-1.cdninstagram.com\\\/v\\\/t39.30808-6\\\/650960800_1412185357614208_7856183314476165205_n.jpg?stp=dst-jpg_e35_tt6&amp;_nc_cat=105&amp;ccb=7-5&amp;_nc_sid=18de74&amp;efg=eyJlZmdfdGFnIjoiRkVFRC5iZXN0X2ltYWdlX3VybGdlbi5DMyJ9&amp;_nc_ohc=GoRFtiie4xIQ7kNvwEI3y_E&amp;_nc_oc=Adpu4kvyfrNfs291GzUpUsvKrTcBTa5kHgdd5JB8hCtwikkulR8O3r7qV6JVrxlGN9w&amp;_nc_zt=23&amp;_nc_ht=scontent-cdg6-1.cdninstagram.com&amp;edm=AM6HXa8EAAAA&amp;_nc_gid=MZHPCffPsEMU3dSskj9slg&amp;oh=00_Af0jI0JZ33GCu1sTkW3a_nZVPtMBwUbCNYKNGlGu41iuSg&amp;oe=69F6F64C&quot;,&quot;320&quot;:&quot;https:\\\/\\\/scontent-cdg6-1.cdninstagram.com\\\/v\\\/t39.30808-6\\\/650960800_1412185357614208_7856183314476165205_n.jpg?stp=dst-jpg_e35_tt6&amp;_nc_cat=105&amp;ccb=7-5&amp;_nc_sid=18de74&amp;efg=eyJlZmdfdGFnIjoiRkVFRC5iZXN0X2ltYWdlX3VybGdlbi5DMyJ9&amp;_nc_ohc=GoRFtiie4xIQ7kNvwEI3y_E&amp;_nc_oc=Adpu4kvyfrNfs291GzUpUsvKrTcBTa5kHgdd5JB8hCtwikkulR8O3r7qV6JVrxlGN9w&amp;_nc_zt=23&amp;_nc_ht=scontent-cdg6-1.cdninstagram.com&amp;edm=AM6HXa8EAAAA&amp;_nc_gid=MZHPCffPsEMU3dSskj9slg&amp;oh=00_Af0jI0JZ33GCu1sTkW3a_nZVPtMBwUbCNYKNGlGu41iuSg&amp;oe=69F6F64C&quot;,&quot;640&quot;:&quot;https:\\\/\\\/scontent-cdg6-1.cdninstagram.com\\\/v\\\/t39.30808-6\\\/650960800_1412185357614208_7856183314476165205_n.jpg?stp=dst-jpg_e35_tt6&amp;_nc_cat=105&amp;ccb=7-5&amp;_nc_sid=18de74&amp;efg=eyJlZmdfdGFnIjoiRkVFRC5iZXN0X2ltYWdlX3VybGdlbi5DMyJ9&amp;_nc_ohc=GoRFtiie4xIQ7kNvwEI3y_E&amp;_nc_oc=Adpu4kvyfrNfs291GzUpUsvKrTcBTa5kHgdd5JB8hCtwikkulR8O3r7qV6JVrxlGN9w&amp;_nc_zt=23&amp;_nc_ht=scontent-cdg6-1.cdninstagram.com&amp;edm=AM6HXa8EAAAA&amp;_nc_gid=MZHPCffPsEMU3dSskj9slg&amp;oh=00_Af0jI0JZ33GCu1sTkW3a_nZVPtMBwUbCNYKNGlGu41iuSg&amp;oe=69F6F64C&quot;}\">\n\t\t\t<span class=\"sbi-screenreader\">La 53e Coupe Icare s\u2019envole !\n\n\ud83d\udccdDu 15 au 20 septem<\/span>\n\t\t\t\t\t\t\t\t\t<img decoding=\"async\" src=\"https:\/\/www.coupe-icare.org\/wp-content\/plugins\/instagram-feed\/img\/placeholder.png\" alt=\"La 53e Coupe Icare s\u2019envole !\n\n\ud83d\udccdDu 15 au 20 septembre 2026, le plus grand festival mondial de parapente et de sports a\u00e9riens ultra-l\u00e9gers vous donne rendez-vous sur le site de Saint-Hilaire\/ Lumbin pour une nouvelle \u00e9dition du show a\u00e9rien de l\u2019ann\u00e9e !\n \nD\u00e9monstrations a\u00e9riennes, concours de d\u00e9guisements d\u00e9jant\u00e9s, festival du cin\u00e9ma, espace jeune public, animations de rue et \u00e9motions garanties\u2026\n\nLe ciel de la Coupe Icare n\u2019attend plus que vous !\ud83d\udd25\n \n\ud83c\udfa5 Vous pouvez d\u00e8s \u00e0 pr\u00e9sent inscrire votre film pour le festival Icare du Cin\u00e9ma  https:\/\/www.coupe-icare.org\/\n\n---\n\nThe 53rd Coupe Icare is Taking Flight!\n\n\ud83d\udccd From September 15 to 20, 2026, the world's largest paragliding and ultra-light air sports festival invites you to Saint-Hilaire\/Lumbin for a brand-new edition of the air show of the year!\n\nExperience breathtaking aerial demonstrations, the legendary &quot;Icarnaval&quot; costumed flight competition, an international film festival, a dedicated kids' zone, street performances, and guaranteed thrills...\n\nThe skies of the Coupe Icare are waiting for you! \ud83d\udd25\n\n\ud83c\udfa5 You can now register your film for the Icare du Cin\u00e9ma Festival \nhttps:\/\/www.coupe-icare.org\/\n\n\ud83d\udd8d\ufe0f Illustration @valerie.dumas.artiste\" aria-hidden=\"true\">\n\t\t<\/a>\n\t<\/div>\n<\/div><div class=\"sbi_item sbi_type_image sbi_new sbi_transition\"\n\tid=\"sbi_17949695447915630\" data-date=\"1763743864\">\n\t<div class=\"sbi_photo_wrap\">\n\t\t<a class=\"sbi_photo\" href=\"https:\/\/www.instagram.com\/p\/DRU2r6SjPIT\/\" target=\"_blank\" rel=\"noopener nofollow\"\n\t\t\tdata-full-res=\"https:\/\/scontent-cdg4-2.cdninstagram.com\/v\/t39.30808-6\/586549100_1317972623702149_438464444851654869_n.jpg?stp=dst-jpg_e35_tt6&#038;_nc_cat=107&#038;ccb=7-5&#038;_nc_sid=18de74&#038;efg=eyJlZmdfdGFnIjoiRkVFRC5iZXN0X2ltYWdlX3VybGdlbi5DMyJ9&#038;_nc_ohc=2CPVRdU6Wq0Q7kNvwHedO5g&#038;_nc_oc=Adoc0qVbtPD81WYu47aM5bDH4jJ6h4YZRpr3MCjoai6xX-tf8z0X6RJ-We6FKf6CkT4&#038;_nc_zt=23&#038;_nc_ht=scontent-cdg4-2.cdninstagram.com&#038;edm=AM6HXa8EAAAA&#038;_nc_gid=MZHPCffPsEMU3dSskj9slg&#038;oh=00_Af3AbKKP0ZZgfxAyhmbm_U4tHatrvbI4dGU4m9_KP65-QQ&#038;oe=69F6F5B3\"\n\t\t\tdata-img-src-set=\"{&quot;d&quot;:&quot;https:\\\/\\\/scontent-cdg4-2.cdninstagram.com\\\/v\\\/t39.30808-6\\\/586549100_1317972623702149_438464444851654869_n.jpg?stp=dst-jpg_e35_tt6&amp;_nc_cat=107&amp;ccb=7-5&amp;_nc_sid=18de74&amp;efg=eyJlZmdfdGFnIjoiRkVFRC5iZXN0X2ltYWdlX3VybGdlbi5DMyJ9&amp;_nc_ohc=2CPVRdU6Wq0Q7kNvwHedO5g&amp;_nc_oc=Adoc0qVbtPD81WYu47aM5bDH4jJ6h4YZRpr3MCjoai6xX-tf8z0X6RJ-We6FKf6CkT4&amp;_nc_zt=23&amp;_nc_ht=scontent-cdg4-2.cdninstagram.com&amp;edm=AM6HXa8EAAAA&amp;_nc_gid=MZHPCffPsEMU3dSskj9slg&amp;oh=00_Af3AbKKP0ZZgfxAyhmbm_U4tHatrvbI4dGU4m9_KP65-QQ&amp;oe=69F6F5B3&quot;,&quot;150&quot;:&quot;https:\\\/\\\/scontent-cdg4-2.cdninstagram.com\\\/v\\\/t39.30808-6\\\/586549100_1317972623702149_438464444851654869_n.jpg?stp=dst-jpg_e35_tt6&amp;_nc_cat=107&amp;ccb=7-5&amp;_nc_sid=18de74&amp;efg=eyJlZmdfdGFnIjoiRkVFRC5iZXN0X2ltYWdlX3VybGdlbi5DMyJ9&amp;_nc_ohc=2CPVRdU6Wq0Q7kNvwHedO5g&amp;_nc_oc=Adoc0qVbtPD81WYu47aM5bDH4jJ6h4YZRpr3MCjoai6xX-tf8z0X6RJ-We6FKf6CkT4&amp;_nc_zt=23&amp;_nc_ht=scontent-cdg4-2.cdninstagram.com&amp;edm=AM6HXa8EAAAA&amp;_nc_gid=MZHPCffPsEMU3dSskj9slg&amp;oh=00_Af3AbKKP0ZZgfxAyhmbm_U4tHatrvbI4dGU4m9_KP65-QQ&amp;oe=69F6F5B3&quot;,&quot;320&quot;:&quot;https:\\\/\\\/scontent-cdg4-2.cdninstagram.com\\\/v\\\/t39.30808-6\\\/586549100_1317972623702149_438464444851654869_n.jpg?stp=dst-jpg_e35_tt6&amp;_nc_cat=107&amp;ccb=7-5&amp;_nc_sid=18de74&amp;efg=eyJlZmdfdGFnIjoiRkVFRC5iZXN0X2ltYWdlX3VybGdlbi5DMyJ9&amp;_nc_ohc=2CPVRdU6Wq0Q7kNvwHedO5g&amp;_nc_oc=Adoc0qVbtPD81WYu47aM5bDH4jJ6h4YZRpr3MCjoai6xX-tf8z0X6RJ-We6FKf6CkT4&amp;_nc_zt=23&amp;_nc_ht=scontent-cdg4-2.cdninstagram.com&amp;edm=AM6HXa8EAAAA&amp;_nc_gid=MZHPCffPsEMU3dSskj9slg&amp;oh=00_Af3AbKKP0ZZgfxAyhmbm_U4tHatrvbI4dGU4m9_KP65-QQ&amp;oe=69F6F5B3&quot;,&quot;640&quot;:&quot;https:\\\/\\\/scontent-cdg4-2.cdninstagram.com\\\/v\\\/t39.30808-6\\\/586549100_1317972623702149_438464444851654869_n.jpg?stp=dst-jpg_e35_tt6&amp;_nc_cat=107&amp;ccb=7-5&amp;_nc_sid=18de74&amp;efg=eyJlZmdfdGFnIjoiRkVFRC5iZXN0X2ltYWdlX3VybGdlbi5DMyJ9&amp;_nc_ohc=2CPVRdU6Wq0Q7kNvwHedO5g&amp;_nc_oc=Adoc0qVbtPD81WYu47aM5bDH4jJ6h4YZRpr3MCjoai6xX-tf8z0X6RJ-We6FKf6CkT4&amp;_nc_zt=23&amp;_nc_ht=scontent-cdg4-2.cdninstagram.com&amp;edm=AM6HXa8EAAAA&amp;_nc_gid=MZHPCffPsEMU3dSskj9slg&amp;oh=00_Af3AbKKP0ZZgfxAyhmbm_U4tHatrvbI4dGU4m9_KP65-QQ&amp;oe=69F6F5B3&quot;}\">\n\t\t\t<span class=\"sbi-screenreader\">53e Coupe Icare \ud83d\udc49 15-20 sept. 2026\n\n\ud83e\ude82 The world&#8217;s <\/span>\n\t\t\t\t\t\t\t\t\t<img decoding=\"async\" src=\"https:\/\/www.coupe-icare.org\/wp-content\/plugins\/instagram-feed\/img\/placeholder.png\" alt=\"53e Coupe Icare \ud83d\udc49 15-20 sept. 2026\n\n\ud83e\ude82 The world's biggest paragliding, hang-gliding, paramotor and light air sports event - French Alps\n\nMore infos in 2026 on coupe-icare.org (link always in bio)\n\n\ud83d\udcf8 @alaindouce\" aria-hidden=\"true\">\n\t\t<\/a>\n\t<\/div>\n<\/div><div class=\"sbi_item sbi_type_image sbi_new sbi_transition\"\n\tid=\"sbi_17946605370031668\" data-date=\"1759242892\">\n\t<div class=\"sbi_photo_wrap\">\n\t\t<a class=\"sbi_photo\" href=\"https:\/\/www.instagram.com\/p\/DPOtw5mDHX2\/\" target=\"_blank\" rel=\"noopener nofollow\"\n\t\t\tdata-full-res=\"https:\/\/scontent-cdg4-1.cdninstagram.com\/v\/t39.30808-6\/557548534_1269217411911004_3029463222843197653_n.jpg?stp=dst-jpg_e35_tt6&#038;_nc_cat=102&#038;ccb=7-5&#038;_nc_sid=18de74&#038;efg=eyJlZmdfdGFnIjoiRkVFRC5iZXN0X2ltYWdlX3VybGdlbi5DMyJ9&#038;_nc_ohc=bIk3qq8zhJgQ7kNvwGn2ynn&#038;_nc_oc=AdrG86AqspGBYAJst8lfjlxvWz9j37KvIJ2z45d7OJInUXclDiOIuE0aCYLCrHHT7rk&#038;_nc_zt=23&#038;_nc_ht=scontent-cdg4-1.cdninstagram.com&#038;edm=AM6HXa8EAAAA&#038;_nc_gid=MZHPCffPsEMU3dSskj9slg&#038;oh=00_Af3pKUzBwVmpaB0pasTM2T9fmCfgnsbhxQYubadY1kxk9A&#038;oe=69F6F417\"\n\t\t\tdata-img-src-set=\"{&quot;d&quot;:&quot;https:\\\/\\\/scontent-cdg4-1.cdninstagram.com\\\/v\\\/t39.30808-6\\\/557548534_1269217411911004_3029463222843197653_n.jpg?stp=dst-jpg_e35_tt6&amp;_nc_cat=102&amp;ccb=7-5&amp;_nc_sid=18de74&amp;efg=eyJlZmdfdGFnIjoiRkVFRC5iZXN0X2ltYWdlX3VybGdlbi5DMyJ9&amp;_nc_ohc=bIk3qq8zhJgQ7kNvwGn2ynn&amp;_nc_oc=AdrG86AqspGBYAJst8lfjlxvWz9j37KvIJ2z45d7OJInUXclDiOIuE0aCYLCrHHT7rk&amp;_nc_zt=23&amp;_nc_ht=scontent-cdg4-1.cdninstagram.com&amp;edm=AM6HXa8EAAAA&amp;_nc_gid=MZHPCffPsEMU3dSskj9slg&amp;oh=00_Af3pKUzBwVmpaB0pasTM2T9fmCfgnsbhxQYubadY1kxk9A&amp;oe=69F6F417&quot;,&quot;150&quot;:&quot;https:\\\/\\\/scontent-cdg4-1.cdninstagram.com\\\/v\\\/t39.30808-6\\\/557548534_1269217411911004_3029463222843197653_n.jpg?stp=dst-jpg_e35_tt6&amp;_nc_cat=102&amp;ccb=7-5&amp;_nc_sid=18de74&amp;efg=eyJlZmdfdGFnIjoiRkVFRC5iZXN0X2ltYWdlX3VybGdlbi5DMyJ9&amp;_nc_ohc=bIk3qq8zhJgQ7kNvwGn2ynn&amp;_nc_oc=AdrG86AqspGBYAJst8lfjlxvWz9j37KvIJ2z45d7OJInUXclDiOIuE0aCYLCrHHT7rk&amp;_nc_zt=23&amp;_nc_ht=scontent-cdg4-1.cdninstagram.com&amp;edm=AM6HXa8EAAAA&amp;_nc_gid=MZHPCffPsEMU3dSskj9slg&amp;oh=00_Af3pKUzBwVmpaB0pasTM2T9fmCfgnsbhxQYubadY1kxk9A&amp;oe=69F6F417&quot;,&quot;320&quot;:&quot;https:\\\/\\\/scontent-cdg4-1.cdninstagram.com\\\/v\\\/t39.30808-6\\\/557548534_1269217411911004_3029463222843197653_n.jpg?stp=dst-jpg_e35_tt6&amp;_nc_cat=102&amp;ccb=7-5&amp;_nc_sid=18de74&amp;efg=eyJlZmdfdGFnIjoiRkVFRC5iZXN0X2ltYWdlX3VybGdlbi5DMyJ9&amp;_nc_ohc=bIk3qq8zhJgQ7kNvwGn2ynn&amp;_nc_oc=AdrG86AqspGBYAJst8lfjlxvWz9j37KvIJ2z45d7OJInUXclDiOIuE0aCYLCrHHT7rk&amp;_nc_zt=23&amp;_nc_ht=scontent-cdg4-1.cdninstagram.com&amp;edm=AM6HXa8EAAAA&amp;_nc_gid=MZHPCffPsEMU3dSskj9slg&amp;oh=00_Af3pKUzBwVmpaB0pasTM2T9fmCfgnsbhxQYubadY1kxk9A&amp;oe=69F6F417&quot;,&quot;640&quot;:&quot;https:\\\/\\\/scontent-cdg4-1.cdninstagram.com\\\/v\\\/t39.30808-6\\\/557548534_1269217411911004_3029463222843197653_n.jpg?stp=dst-jpg_e35_tt6&amp;_nc_cat=102&amp;ccb=7-5&amp;_nc_sid=18de74&amp;efg=eyJlZmdfdGFnIjoiRkVFRC5iZXN0X2ltYWdlX3VybGdlbi5DMyJ9&amp;_nc_ohc=bIk3qq8zhJgQ7kNvwGn2ynn&amp;_nc_oc=AdrG86AqspGBYAJst8lfjlxvWz9j37KvIJ2z45d7OJInUXclDiOIuE0aCYLCrHHT7rk&amp;_nc_zt=23&amp;_nc_ht=scontent-cdg4-1.cdninstagram.com&amp;edm=AM6HXa8EAAAA&amp;_nc_gid=MZHPCffPsEMU3dSskj9slg&amp;oh=00_Af3pKUzBwVmpaB0pasTM2T9fmCfgnsbhxQYubadY1kxk9A&amp;oe=69F6F417&quot;}\">\n\t\t\t<span class=\"sbi-screenreader\">A noter dans l&#8217;agenda !!\n\nLa soir\u00e9e de rattrapage <\/span>\n\t\t\t\t\t\t\t\t\t<img decoding=\"async\" src=\"https:\/\/www.coupe-icare.org\/wp-content\/plugins\/instagram-feed\/img\/placeholder.png\" alt=\"A noter dans l'agenda !!\n\nLa soir\u00e9e de rattrapage pour les \u00e9tourdis, les nostalgiques et les d\u00e9bord\u00e9s de la Coupe Icare, c'est comme chaque ann\u00e9e \u00e0 l\u2019Espace Aragon de Villard Bonnot (15 min de Grenoble), jeudi 9 octobre 2025 \u00e0 20h !\n\nAu programme de cette soir\u00e9e : les films prim\u00e9s lors cette 43e \u00e9dition du Festival Icare du Cin\u00e9ma \ud83d\udc47\n\n\ud83c\udfac Icare de la vie et Icare de la Presse : \u00ab Esprits Libres \u00bb de Sol\u00e8ne Rombourg et Muriel Van Den Bempt - 25\u2019\n\n\ud83c\udfac Icare Coup de Coeur : \u201cThe bird in my backyard\u201d de Ryan Wilkes \u2013 20\u2019\n\n\ud83c\udfac Icare du Vol Libre : \u201cThe Leap\u201d de Jean Baptiste Chandelier - 4\u2019\n\n\ud83c\udfac Icare du Public : \u201cK2, mon amour\u201d  de Mathieu Rivoire \u2013 41\u2019\n\n\ud83c\udfac Icare d\u2019Or Banque Populaire Auvergne Rh\u00f4ne Alpes : \u201cTeam Solares\u201d de Jeisson Zarate - 20\u2019\n\nOuverture des portes \u00e0 19h45.\n\nAttention : places limit\u00e9es. Pas de r\u00e9servation !\n\nTout savoir sur le 43e festival Icare du Cin\u00e9ma \ud83d\udc49 https:\/\/www.coupe-icare.org\/cinema\/\" aria-hidden=\"true\">\n\t\t<\/a>\n\t<\/div>\n<\/div>\t<\/div>\n\n\t<div id=\"sbi_load\" >\n\n\t\n\t\n<\/div>\n\t\t<span class=\"sbi_resized_image_data\" data-feed-id=\"*1\"\n\t\t  data-resized=\"{&quot;17946605370031668&quot;:{&quot;id&quot;:&quot;557548534_1269217411911004_3029463222843197653_n&quot;,&quot;ratio&quot;:&quot;0.80&quot;,&quot;sizes&quot;:{&quot;full&quot;:640,&quot;low&quot;:320,&quot;thumb&quot;:150},&quot;extension&quot;:&quot;.webp&quot;},&quot;17949695447915630&quot;:{&quot;id&quot;:&quot;586549100_1317972623702149_438464444851654869_n&quot;,&quot;ratio&quot;:&quot;0.80&quot;,&quot;sizes&quot;:{&quot;full&quot;:640,&quot;low&quot;:320,&quot;thumb&quot;:150},&quot;extension&quot;:&quot;.webp&quot;},&quot;17942434440158050&quot;:{&quot;id&quot;:&quot;650960800_1412185357614208_7856183314476165205_n&quot;,&quot;ratio&quot;:&quot;0.80&quot;,&quot;sizes&quot;:{&quot;full&quot;:640,&quot;low&quot;:320,&quot;thumb&quot;:150},&quot;extension&quot;:&quot;.webp&quot;},&quot;18096062224951401&quot;:{&quot;id&quot;:&quot;651053468_18400424971194360_6620642401591609822_n.heic&quot;,&quot;ratio&quot;:&quot;0.80&quot;,&quot;sizes&quot;:{&quot;full&quot;:640,&quot;low&quot;:320,&quot;thumb&quot;:150},&quot;extension&quot;:&quot;.webp&quot;},&quot;18106874881881201&quot;:{&quot;id&quot;:&quot;655578533_18401845231194360_4605958026643729357_n&quot;,&quot;ratio&quot;:&quot;0.56&quot;,&quot;sizes&quot;:{&quot;full&quot;:640,&quot;low&quot;:320,&quot;thumb&quot;:150},&quot;extension&quot;:&quot;.webp&quot;},&quot;18089062709584188&quot;:{&quot;id&quot;:&quot;660858587_18405597934194360_2839267616774592779_n.heic&quot;,&quot;ratio&quot;:&quot;0.80&quot;,&quot;sizes&quot;:{&quot;full&quot;:640,&quot;low&quot;:320,&quot;thumb&quot;:150},&quot;extension&quot;:&quot;.webp&quot;},&quot;18016906445832561&quot;:{&quot;id&quot;:&quot;670524931_18406642699194360_4821588099300146568_n.heic&quot;,&quot;ratio&quot;:&quot;0.80&quot;,&quot;sizes&quot;:{&quot;full&quot;:640,&quot;low&quot;:320,&quot;thumb&quot;:150},&quot;extension&quot;:&quot;.webp&quot;},&quot;18319129054271785&quot;:{&quot;id&quot;:&quot;670774003_18408502747194360_7394356545605733973_n.heic&quot;,&quot;ratio&quot;:&quot;0.80&quot;,&quot;sizes&quot;:{&quot;full&quot;:640,&quot;low&quot;:320,&quot;thumb&quot;:150},&quot;extension&quot;:&quot;.webp&quot;}}\">\n\t<\/span>\n\t<\/div>\n\n\r\n<\/div><\/div>\n<\/div>\n<\/div>\n<\/div>","protected":false},"excerpt":{"rendered":"","protected":false},"author":1,"featured_media":0,"parent":0,"menu_order":0,"comment_status":"closed","ping_status":"closed","template":"","meta":{"_acf_changed":false,"_et_pb_use_builder":"on","_et_pb_old_content":"","_et_gb_content_width":"","footnotes":""},"dipi_cpt_category":[],"class_list":["post-26054388","page","type-page","status-publish","hentry"],"acf":[],"yoast_head":"<!-- This site is optimized with the Yoast SEO plugin v27.4 - https:\/\/yoast.com\/product\/yoast-seo-wordpress\/ -->\n<title>FAQ - Coupe Icare 2026<\/title>\n<meta name=\"robots\" content=\"index, follow, max-snippet:-1, max-image-preview:large, max-video-preview:-1\" \/>\n<link rel=\"canonical\" href=\"https:\/\/www.coupe-icare.org\/en\/faq-2\/\" \/>\n<meta property=\"og:locale\" content=\"en_US\" \/>\n<meta property=\"og:type\" content=\"article\" \/>\n<meta property=\"og:title\" content=\"FAQ - Coupe Icare 2026\" \/>\n<meta property=\"og:url\" content=\"https:\/\/www.coupe-icare.org\/en\/faq-2\/\" \/>\n<meta property=\"og:site_name\" content=\"Coupe Icare 2026\" \/>\n<meta property=\"article:publisher\" content=\"https:\/\/www.facebook.com\/coupeicare.org\" \/>\n<meta property=\"article:modified_time\" content=\"2026-04-01T18:07:05+00:00\" \/>\n<meta name=\"twitter:card\" content=\"summary_large_image\" \/>\n<script type=\"application\/ld+json\" class=\"yoast-schema-graph\">{\"@context\":\"https:\\\/\\\/schema.org\",\"@graph\":[{\"@type\":\"WebPage\",\"@id\":\"https:\\\/\\\/www.coupe-icare.org\\\/en\\\/faq-2\\\/\",\"url\":\"https:\\\/\\\/www.coupe-icare.org\\\/en\\\/faq-2\\\/\",\"name\":\"FAQ - Coupe Icare 2026\",\"isPartOf\":{\"@id\":\"https:\\\/\\\/www.coupe-icare.org\\\/en\\\/#website\"},\"datePublished\":\"2026-03-31T13:42:33+00:00\",\"dateModified\":\"2026-04-01T18:07:05+00:00\",\"breadcrumb\":{\"@id\":\"https:\\\/\\\/www.coupe-icare.org\\\/en\\\/faq-2\\\/#breadcrumb\"},\"inLanguage\":\"en-US\",\"potentialAction\":[{\"@type\":\"ReadAction\",\"target\":[\"https:\\\/\\\/www.coupe-icare.org\\\/en\\\/faq-2\\\/\"]}]},{\"@type\":\"BreadcrumbList\",\"@id\":\"https:\\\/\\\/www.coupe-icare.org\\\/en\\\/faq-2\\\/#breadcrumb\",\"itemListElement\":[{\"@type\":\"ListItem\",\"position\":1,\"name\":\"Accueil\",\"item\":\"https:\\\/\\\/www.coupe-icare.org\\\/en\\\/\"},{\"@type\":\"ListItem\",\"position\":2,\"name\":\"FAQ\"}]},{\"@type\":\"WebSite\",\"@id\":\"https:\\\/\\\/www.coupe-icare.org\\\/en\\\/#website\",\"url\":\"https:\\\/\\\/www.coupe-icare.org\\\/en\\\/\",\"name\":\"Coupe Icare \u00e0 St Hilaire du Touvet\",\"description\":\"\",\"publisher\":{\"@id\":\"https:\\\/\\\/www.coupe-icare.org\\\/en\\\/#organization\"},\"potentialAction\":[{\"@type\":\"SearchAction\",\"target\":{\"@type\":\"EntryPoint\",\"urlTemplate\":\"https:\\\/\\\/www.coupe-icare.org\\\/en\\\/?s={search_term_string}\"},\"query-input\":{\"@type\":\"PropertyValueSpecification\",\"valueRequired\":true,\"valueName\":\"search_term_string\"}}],\"inLanguage\":\"en-US\"},{\"@type\":\"Organization\",\"@id\":\"https:\\\/\\\/www.coupe-icare.org\\\/en\\\/#organization\",\"name\":\"Coupe Icare\",\"url\":\"https:\\\/\\\/www.coupe-icare.org\\\/en\\\/\",\"logo\":{\"@type\":\"ImageObject\",\"inLanguage\":\"en-US\",\"@id\":\"https:\\\/\\\/www.coupe-icare.org\\\/en\\\/#\\\/schema\\\/logo\\\/image\\\/\",\"url\":\"https:\\\/\\\/www.coupe-icare.org\\\/wp-content\\\/uploads\\\/2024\\\/09\\\/CI24-J5-\u00a9Bruno.Lavit-BD-101.jpg\",\"contentUrl\":\"https:\\\/\\\/www.coupe-icare.org\\\/wp-content\\\/uploads\\\/2024\\\/09\\\/CI24-J5-\u00a9Bruno.Lavit-BD-101.jpg\",\"width\":1200,\"height\":800,\"caption\":\"Coupe Icare\"},\"image\":{\"@id\":\"https:\\\/\\\/www.coupe-icare.org\\\/en\\\/#\\\/schema\\\/logo\\\/image\\\/\"},\"sameAs\":[\"https:\\\/\\\/www.facebook.com\\\/coupeicare.org\",\"https:\\\/\\\/www.instagram.com\\\/coupeicare\\\/\",\"https:\\\/\\\/www.youtube.com\\\/@coupeicareofficiel\"]}]}<\/script>\n<!-- \/ Yoast SEO plugin. -->","yoast_head_json":{"title":"FAQ - Coupe Icare 2026","robots":{"index":"index","follow":"follow","max-snippet":"max-snippet:-1","max-image-preview":"max-image-preview:large","max-video-preview":"max-video-preview:-1"},"canonical":"https:\/\/www.coupe-icare.org\/en\/faq-2\/","og_locale":"en_US","og_type":"article","og_title":"FAQ - Coupe Icare 2026","og_url":"https:\/\/www.coupe-icare.org\/en\/faq-2\/","og_site_name":"Coupe Icare 2026","article_publisher":"https:\/\/www.facebook.com\/coupeicare.org","article_modified_time":"2026-04-01T18:07:05+00:00","twitter_card":"summary_large_image","schema":{"@context":"https:\/\/schema.org","@graph":[{"@type":"WebPage","@id":"https:\/\/www.coupe-icare.org\/en\/faq-2\/","url":"https:\/\/www.coupe-icare.org\/en\/faq-2\/","name":"FAQ - Coupe Icare 2026","isPartOf":{"@id":"https:\/\/www.coupe-icare.org\/en\/#website"},"datePublished":"2026-03-31T13:42:33+00:00","dateModified":"2026-04-01T18:07:05+00:00","breadcrumb":{"@id":"https:\/\/www.coupe-icare.org\/en\/faq-2\/#breadcrumb"},"inLanguage":"en-US","potentialAction":[{"@type":"ReadAction","target":["https:\/\/www.coupe-icare.org\/en\/faq-2\/"]}]},{"@type":"BreadcrumbList","@id":"https:\/\/www.coupe-icare.org\/en\/faq-2\/#breadcrumb","itemListElement":[{"@type":"ListItem","position":1,"name":"Accueil","item":"https:\/\/www.coupe-icare.org\/en\/"},{"@type":"ListItem","position":2,"name":"FAQ"}]},{"@type":"WebSite","@id":"https:\/\/www.coupe-icare.org\/en\/#website","url":"https:\/\/www.coupe-icare.org\/en\/","name":"Coupe Icare \u00e0 St Hilaire du Touvet","description":"","publisher":{"@id":"https:\/\/www.coupe-icare.org\/en\/#organization"},"potentialAction":[{"@type":"SearchAction","target":{"@type":"EntryPoint","urlTemplate":"https:\/\/www.coupe-icare.org\/en\/?s={search_term_string}"},"query-input":{"@type":"PropertyValueSpecification","valueRequired":true,"valueName":"search_term_string"}}],"inLanguage":"en-US"},{"@type":"Organization","@id":"https:\/\/www.coupe-icare.org\/en\/#organization","name":"Coupe Icare","url":"https:\/\/www.coupe-icare.org\/en\/","logo":{"@type":"ImageObject","inLanguage":"en-US","@id":"https:\/\/www.coupe-icare.org\/en\/#\/schema\/logo\/image\/","url":"https:\/\/www.coupe-icare.org\/wp-content\/uploads\/2024\/09\/CI24-J5-\u00a9Bruno.Lavit-BD-101.jpg","contentUrl":"https:\/\/www.coupe-icare.org\/wp-content\/uploads\/2024\/09\/CI24-J5-\u00a9Bruno.Lavit-BD-101.jpg","width":1200,"height":800,"caption":"Coupe Icare"},"image":{"@id":"https:\/\/www.coupe-icare.org\/en\/#\/schema\/logo\/image\/"},"sameAs":["https:\/\/www.facebook.com\/coupeicare.org","https:\/\/www.instagram.com\/coupeicare\/","https:\/\/www.youtube.com\/@coupeicareofficiel"]}]}},"_links":{"self":[{"href":"https:\/\/www.coupe-icare.org\/en\/wp-json\/wp\/v2\/pages\/26054388","targetHints":{"allow":["GET"]}}],"collection":[{"href":"https:\/\/www.coupe-icare.org\/en\/wp-json\/wp\/v2\/pages"}],"about":[{"href":"https:\/\/www.coupe-icare.org\/en\/wp-json\/wp\/v2\/types\/page"}],"author":[{"embeddable":true,"href":"https:\/\/www.coupe-icare.org\/en\/wp-json\/wp\/v2\/users\/1"}],"replies":[{"embeddable":true,"href":"https:\/\/www.coupe-icare.org\/en\/wp-json\/wp\/v2\/comments?post=26054388"}],"version-history":[{"count":6,"href":"https:\/\/www.coupe-icare.org\/en\/wp-json\/wp\/v2\/pages\/26054388\/revisions"}],"predecessor-version":[{"id":26054617,"href":"https:\/\/www.coupe-icare.org\/en\/wp-json\/wp\/v2\/pages\/26054388\/revisions\/26054617"}],"wp:attachment":[{"href":"https:\/\/www.coupe-icare.org\/en\/wp-json\/wp\/v2\/media?parent=26054388"}],"wp:term":[{"taxonomy":"dipi_cpt_category","embeddable":true,"href":"https:\/\/www.coupe-icare.org\/en\/wp-json\/wp\/v2\/dipi_cpt_category?post=26054388"}],"curies":[{"name":"wp","href":"https:\/\/api.w.org\/{rel}","templated":true}]}}